{"id":16381,"date":"2023-03-31T10:00:14","date_gmt":"2023-03-31T10:00:14","guid":{"rendered":"https:\/\/prooptica.pt\/?page_id=16381"},"modified":"2025-11-06T17:08:00","modified_gmt":"2025-11-06T17:08:00","slug":"duos","status":"publish","type":"page","link":"https:\/\/www.prooptica.pt\/en\/duyos\/","title":{"rendered":"DUYOS"},"content":{"rendered":"\t\t<div data-elementor-type=\"wp-page\" data-elementor-id=\"16381\" class=\"elementor elementor-16381\">\n\t\t\t\t\t\t<section class=\"elementor-section elementor-top-section elementor-element elementor-element-ddd0e39 elementor-section-height-min-height elementor-section-boxed elementor-section-height-default elementor-section-items-middle\" data-id=\"ddd0e39\" data-element_type=\"section\" data-e-type=\"section\" data-settings=\"{&quot;background_background&quot;:&quot;classic&quot;}\">\n\t\t\t\t\t\t<div class=\"elementor-container elementor-column-gap-default\">\n\t\t\t\t\t<div class=\"elementor-column elementor-col-100 elementor-top-column elementor-element elementor-element-a0d7616 ot-flex-column-vertical\" data-id=\"a0d7616\" data-element_type=\"column\" data-e-type=\"column\">\n\t\t\t<div class=\"elementor-widget-wrap elementor-element-populated\">\n\t\t\t\t\t\t<div class=\"elementor-element elementor-element-48330e6 elementor-widget elementor-widget-image\" data-id=\"48330e6\" data-element_type=\"widget\" data-e-type=\"widget\" data-widget_type=\"image.default\">\n\t\t\t\t<div class=\"elementor-widget-container\">\n\t\t\t\t\t\t\t\t\t\t\t\t\t\t\t<img fetchpriority=\"high\" decoding=\"async\" width=\"301\" height=\"301\" src=\"https:\/\/www.prooptica.pt\/wp-content\/uploads\/2023\/03\/Duyos-logo.png\" class=\"attachment-large size-large wp-image-16403\" alt=\"\" srcset=\"https:\/\/www.prooptica.pt\/wp-content\/uploads\/2023\/03\/Duyos-logo.png 301w, https:\/\/www.prooptica.pt\/wp-content\/uploads\/2023\/03\/elementor\/thumbs\/Duyos-logo-q8w2ne62lswkhnhj0urcevn00xh7m2y8m4c94wrios.png 150w, https:\/\/www.prooptica.pt\/wp-content\/uploads\/2023\/03\/elementor\/thumbs\/Duyos-logo-q8w2ne637qasanke8b6xgx26jll0xyk3k0mu7m04pc.png 200w, https:\/\/www.prooptica.pt\/wp-content\/uploads\/2023\/03\/elementor\/thumbs\/Duyos-logo-q8w2ne61dy44vnbslxw6assmzl9kybqiqbr2ziaano.png 50w\" sizes=\"(max-width: 301px) 100vw, 301px\" \/>\t\t\t\t\t\t\t\t\t\t\t\t\t\t\t<\/div>\n\t\t\t\t<\/div>\n\t\t\t\t\t<\/div>\n\t\t<\/div>\n\t\t\t\t\t<\/div>\n\t\t<\/section>\n\t\t\t\t<section class=\"elementor-section elementor-top-section elementor-element elementor-element-65e5ccb elementor-section-boxed elementor-section-height-default elementor-section-height-default\" data-id=\"65e5ccb\" data-element_type=\"section\" data-e-type=\"section\">\n\t\t\t\t\t\t<div class=\"elementor-container elementor-column-gap-default\">\n\t\t\t\t\t<div class=\"elementor-column elementor-col-50 elementor-top-column elementor-element elementor-element-fac1446 ot-column-items-center ot-flex-column-vertical\" data-id=\"fac1446\" data-element_type=\"column\" data-e-type=\"column\">\n\t\t\t<div class=\"elementor-widget-wrap elementor-element-populated\">\n\t\t\t\t\t\t<div class=\"elementor-element elementor-element-fc694ac elementor-view-default elementor-invisible elementor-widget elementor-widget-icon\" data-id=\"fc694ac\" data-element_type=\"widget\" data-e-type=\"widget\" data-settings=\"{&quot;_animation&quot;:&quot;pulse&quot;}\" data-widget_type=\"icon.default\">\n\t\t\t\t<div class=\"elementor-widget-container\">\n\t\t\t\t\t\t\t<div class=\"elementor-icon-wrapper\">\n\t\t\t<a class=\"elementor-icon elementor-animation-shrink\" href=\"https:\/\/prooptica.pt\/oculos\/\">\n\t\t\t<i aria-hidden=\"true\" class=\"fas fa-chevron-circle-left\"><\/i>\t\t\t<\/a>\n\t\t<\/div>\n\t\t\t\t\t\t<\/div>\n\t\t\t\t<\/div>\n\t\t\t\t<div class=\"elementor-element elementor-element-071f4a0 elementor-widget elementor-widget-iheading\" data-id=\"071f4a0\" data-element_type=\"widget\" data-e-type=\"widget\" data-widget_type=\"iheading.default\">\n\t\t\t\t<div class=\"elementor-widget-container\">\n\t\t\t\t\t\t\t<div class=\"ot-heading \">\n\t        \t            <span>A MARCA<\/span>\n\t        \t        <h2 class=\"main-heading\">DUYOS<\/h2>\n\t        \t    <\/div>\n\t    \t\t\t\t<\/div>\n\t\t\t\t<\/div>\n\t\t\t\t<div class=\"elementor-element elementor-element-3eb9818 elementor-widget-divider--view-line elementor-widget elementor-widget-divider\" data-id=\"3eb9818\" data-element_type=\"widget\" data-e-type=\"widget\" data-widget_type=\"divider.default\">\n\t\t\t\t<div class=\"elementor-widget-container\">\n\t\t\t\t\t\t\t<div class=\"elementor-divider\">\n\t\t\t<span class=\"elementor-divider-separator\">\n\t\t\t\t\t\t<\/span>\n\t\t<\/div>\n\t\t\t\t\t\t<\/div>\n\t\t\t\t<\/div>\n\t\t\t\t<div class=\"elementor-element elementor-element-945bc95 elementor-widget elementor-widget-text-editor\" data-id=\"945bc95\" data-element_type=\"widget\" data-e-type=\"widget\" data-widget_type=\"text-editor.default\">\n\t\t\t\t<div class=\"elementor-widget-container\">\n\t\t\t\t\t\t\t\t\t<p>Em 2023 a Prooptica lan\u00e7a a cole\u00e7\u00e3o Duyos, resultante da sua parceria com Juan Duyos, um estilista Madrileno com um destaque bastante relevante na moda espanhola. Duyos construiu uma carreira com um estilo pr\u00f3prio e reconhec\u00edvel baseado no uso pessoal de cores, tecidos, formas e volumes, sempre com uma perspetiva disruptiva e futurista, e n\u00f3s quisemos trazer esse seu estilo t\u00e3o \u00fanico para a linha de \u00f3culos.<\/p><p>Cada modelo foi desenhado com elevados padr\u00f5es de qualidade e com uma aten\u00e7\u00e3o incr\u00edvel aos detalhes, sempre com o envolvimento e apoio de Juan Duyos.<\/p>\t\t\t\t\t\t\t\t<\/div>\n\t\t\t\t<\/div>\n\t\t\t\t\t<\/div>\n\t\t<\/div>\n\t\t\t\t<div class=\"elementor-column elementor-col-50 elementor-top-column elementor-element elementor-element-571bb64 ot-flex-column-vertical\" data-id=\"571bb64\" data-element_type=\"column\" data-e-type=\"column\">\n\t\t\t<div class=\"elementor-widget-wrap elementor-element-populated\">\n\t\t\t\t\t\t<div class=\"elementor-element elementor-element-9272e93 elementor-widget elementor-widget-image\" data-id=\"9272e93\" data-element_type=\"widget\" data-e-type=\"widget\" data-widget_type=\"image.default\">\n\t\t\t\t<div class=\"elementor-widget-container\">\n\t\t\t\t\t\t\t\t\t\t\t\t\t\t\t<img decoding=\"async\" width=\"768\" height=\"768\" src=\"https:\/\/www.prooptica.pt\/wp-content\/uploads\/2025\/11\/Imagem-2-768x768.jpg\" class=\"attachment-medium_large size-medium_large wp-image-24239\" alt=\"\" srcset=\"https:\/\/www.prooptica.pt\/wp-content\/uploads\/2025\/11\/Imagem-2-768x768.jpg 768w, https:\/\/www.prooptica.pt\/wp-content\/uploads\/2025\/11\/Imagem-2-300x300.jpg 300w, https:\/\/www.prooptica.pt\/wp-content\/uploads\/2025\/11\/Imagem-2-150x150.jpg 150w, https:\/\/www.prooptica.pt\/wp-content\/uploads\/2025\/11\/Imagem-2-12x12.jpg 12w, https:\/\/www.prooptica.pt\/wp-content\/uploads\/2025\/11\/Imagem-2-720x720.jpg 720w, https:\/\/www.prooptica.pt\/wp-content\/uploads\/2025\/11\/Imagem-2.jpg 1024w\" sizes=\"(max-width: 768px) 100vw, 768px\" \/>\t\t\t\t\t\t\t\t\t\t\t\t\t\t\t<\/div>\n\t\t\t\t<\/div>\n\t\t\t\t\t<\/div>\n\t\t<\/div>\n\t\t\t\t\t<\/div>\n\t\t<\/section>\n\t\t\t\t<section class=\"elementor-section elementor-top-section elementor-element elementor-element-333b106 elementor-section-full_width elementor-section-height-default elementor-section-height-default\" data-id=\"333b106\" data-element_type=\"section\" data-e-type=\"section\">\n\t\t\t\t\t\t<div class=\"elementor-container elementor-column-gap-default\">\n\t\t\t\t\t<div class=\"elementor-column elementor-col-100 elementor-top-column elementor-element elementor-element-c7cd3c6 ot-flex-column-vertical\" data-id=\"c7cd3c6\" data-element_type=\"column\" data-e-type=\"column\">\n\t\t\t<div class=\"elementor-widget-wrap elementor-element-populated\">\n\t\t\t\t\t\t<div class=\"elementor-element elementor-element-8b1427c elementor-widget elementor-widget-video\" data-id=\"8b1427c\" data-element_type=\"widget\" data-e-type=\"widget\" data-settings=\"{&quot;youtube_url&quot;:&quot;https:\\\/\\\/youtu.be\\\/35Vqr_Xzbj4&quot;,&quot;autoplay&quot;:&quot;yes&quot;,&quot;play_on_mobile&quot;:&quot;yes&quot;,&quot;mute&quot;:&quot;yes&quot;,&quot;loop&quot;:&quot;yes&quot;,&quot;video_type&quot;:&quot;youtube&quot;,&quot;controls&quot;:&quot;yes&quot;}\" data-widget_type=\"video.default\">\n\t\t\t\t<div class=\"elementor-widget-container\">\n\t\t\t\t\t\t\t<div class=\"elementor-wrapper elementor-open-inline\">\n\t\t\t<div class=\"elementor-video\"><\/div>\t\t<\/div>\n\t\t\t\t\t\t<\/div>\n\t\t\t\t<\/div>\n\t\t\t\t\t<\/div>\n\t\t<\/div>\n\t\t\t\t\t<\/div>\n\t\t<\/section>\n\t\t\t\t<section class=\"elementor-section elementor-top-section elementor-element elementor-element-a8f30d8 elementor-reverse-mobile elementor-section-boxed elementor-section-height-default elementor-section-height-default\" data-id=\"a8f30d8\" data-element_type=\"section\" data-e-type=\"section\" data-settings=\"{&quot;background_background&quot;:&quot;gradient&quot;}\">\n\t\t\t\t\t\t<div class=\"elementor-container elementor-column-gap-default\">\n\t\t\t\t\t<div class=\"elementor-column elementor-col-50 elementor-top-column elementor-element elementor-element-a51d0f8 ot-flex-column-vertical\" data-id=\"a51d0f8\" data-element_type=\"column\" data-e-type=\"column\">\n\t\t\t<div class=\"elementor-widget-wrap elementor-element-populated\">\n\t\t\t\t\t\t<div class=\"elementor-element elementor-element-fb734fe elementor-widget elementor-widget-image\" data-id=\"fb734fe\" data-element_type=\"widget\" data-e-type=\"widget\" data-widget_type=\"image.default\">\n\t\t\t\t<div class=\"elementor-widget-container\">\n\t\t\t\t\t\t\t\t\t\t\t\t\t\t\t<img decoding=\"async\" width=\"720\" height=\"720\" src=\"https:\/\/www.prooptica.pt\/wp-content\/uploads\/2025\/11\/Imagem-8-720x720.jpg\" class=\"attachment-theratio-portfolio-thumbnail-grid size-theratio-portfolio-thumbnail-grid wp-image-24240\" alt=\"\" srcset=\"https:\/\/www.prooptica.pt\/wp-content\/uploads\/2025\/11\/Imagem-8-720x720.jpg 720w, https:\/\/www.prooptica.pt\/wp-content\/uploads\/2025\/11\/Imagem-8-300x300.jpg 300w, https:\/\/www.prooptica.pt\/wp-content\/uploads\/2025\/11\/Imagem-8-150x150.jpg 150w, https:\/\/www.prooptica.pt\/wp-content\/uploads\/2025\/11\/Imagem-8-768x768.jpg 768w, https:\/\/www.prooptica.pt\/wp-content\/uploads\/2025\/11\/Imagem-8-12x12.jpg 12w, https:\/\/www.prooptica.pt\/wp-content\/uploads\/2025\/11\/Imagem-8.jpg 1024w\" sizes=\"(max-width: 720px) 100vw, 720px\" \/>\t\t\t\t\t\t\t\t\t\t\t\t\t\t\t<\/div>\n\t\t\t\t<\/div>\n\t\t\t\t\t<\/div>\n\t\t<\/div>\n\t\t\t\t<div class=\"elementor-column elementor-col-50 elementor-top-column elementor-element elementor-element-5f405e0 ot-column-items-center ot-flex-column-vertical\" data-id=\"5f405e0\" data-element_type=\"column\" data-e-type=\"column\">\n\t\t\t<div class=\"elementor-widget-wrap elementor-element-populated\">\n\t\t\t\t\t\t<div class=\"elementor-element elementor-element-bd594a3 elementor-widget elementor-widget-iheading\" data-id=\"bd594a3\" data-element_type=\"widget\" data-e-type=\"widget\" data-widget_type=\"iheading.default\">\n\t\t\t\t<div class=\"elementor-widget-container\">\n\t\t\t\t\t\t\t<div class=\"ot-heading \">\n\t        \t        <h2 class=\"main-heading\">A COLE\u00c7\u00c3O<\/h2>\n\t        \t    <\/div>\n\t    \t\t\t\t<\/div>\n\t\t\t\t<\/div>\n\t\t\t\t<div class=\"elementor-element elementor-element-fe70703 elementor-widget-divider--view-line elementor-widget elementor-widget-divider\" data-id=\"fe70703\" data-element_type=\"widget\" data-e-type=\"widget\" data-widget_type=\"divider.default\">\n\t\t\t\t<div class=\"elementor-widget-container\">\n\t\t\t\t\t\t\t<div class=\"elementor-divider\">\n\t\t\t<span class=\"elementor-divider-separator\">\n\t\t\t\t\t\t<\/span>\n\t\t<\/div>\n\t\t\t\t\t\t<\/div>\n\t\t\t\t<\/div>\n\t\t\t\t<div class=\"elementor-element elementor-element-ceefa11 elementor-widget elementor-widget-text-editor\" data-id=\"ceefa11\" data-element_type=\"widget\" data-e-type=\"widget\" data-widget_type=\"text-editor.default\">\n\t\t\t\t<div class=\"elementor-widget-container\">\n\t\t\t\t\t\t\t\t\t<div><div><div><div><div data-vc-action=\"collapse\"><div><div><div><div id=\"tab_acoleccao\" data-vc-content=\".vc_tta-panel-body\"><div><div><div><p>A cole\u00e7\u00e3o, inteiramente dedicada \u00e0s mulheres, diferencia-se pelos padr\u00f5es e jogos de cor intensos. Inspir\u00e1mo-nos nas \u00faltimas tend\u00eancias e ali\u00e1mos de forma \u00fanica o design \u00e0 conjuga\u00e7\u00e3o de cores, transpar\u00eancias, padr\u00f5es e n\u00e9on, criando pe\u00e7as disruptivas e irreverentes, mas sempre elegantes e sofisticadas.<\/p><p>A mulher Duyos \u00e9 uma rom\u00e2ntica criativa, tipicamente urbana, aspeto jovial e vers\u00e1til. Adora experimentar coisas diferentes e arriscar na hora de se vestir, porque pode \u2013 e sabe \u2013 misturar muito bem cores, estampados, texturas e sobreposi\u00e7\u00f5es, sem perder a harmonia.<\/p><\/div><\/div><\/div><\/div><\/div><\/div><\/div><\/div><\/div><\/div><\/div><\/div>\t\t\t\t\t\t\t\t<\/div>\n\t\t\t\t<\/div>\n\t\t\t\t\t<\/div>\n\t\t<\/div>\n\t\t\t\t\t<\/div>\n\t\t<\/section>\n\t\t\t\t<section class=\"elementor-section elementor-top-section elementor-element elementor-element-a577f56 elementor-section-full_width elementor-section-height-default elementor-section-height-default\" data-id=\"a577f56\" data-element_type=\"section\" data-e-type=\"section\">\n\t\t\t\t\t\t<div class=\"elementor-container elementor-column-gap-default\">\n\t\t\t\t\t<div class=\"elementor-column elementor-col-100 elementor-top-column elementor-element elementor-element-ba5e710 ot-flex-column-vertical\" data-id=\"ba5e710\" data-element_type=\"column\" data-e-type=\"column\">\n\t\t\t<div class=\"elementor-widget-wrap elementor-element-populated\">\n\t\t\t\t\t\t<div class=\"elementor-element elementor-element-d477f8b elementor-arrows-position-inside elementor-widget elementor-widget-image-carousel\" data-id=\"d477f8b\" data-element_type=\"widget\" data-e-type=\"widget\" data-settings=\"{&quot;slides_to_show&quot;:&quot;2&quot;,&quot;navigation&quot;:&quot;arrows&quot;,&quot;autoplay&quot;:&quot;yes&quot;,&quot;pause_on_hover&quot;:&quot;yes&quot;,&quot;pause_on_interaction&quot;:&quot;yes&quot;,&quot;autoplay_speed&quot;:5000,&quot;infinite&quot;:&quot;yes&quot;,&quot;speed&quot;:500}\" data-widget_type=\"image-carousel.default\">\n\t\t\t\t<div class=\"elementor-widget-container\">\n\t\t\t\t\t\t\t<div class=\"elementor-image-carousel-wrapper swiper\" role=\"region\" aria-roledescription=\"carousel\" aria-label=\"Carrossel de imagens\" dir=\"ltr\">\n\t\t\t<div class=\"elementor-image-carousel swiper-wrapper\" aria-live=\"off\">\n\t\t\t\t\t\t\t\t<div class=\"swiper-slide\" role=\"group\" aria-roledescription=\"slide\" aria-label=\"1 de 5\"><figure class=\"swiper-slide-inner\"><img decoding=\"async\" class=\"swiper-slide-image\" src=\"https:\/\/www.prooptica.pt\/wp-content\/uploads\/2025\/11\/Imagem-1-768x768.jpg\" alt=\"Imagem 1\" \/><\/figure><\/div><div class=\"swiper-slide\" role=\"group\" aria-roledescription=\"slide\" aria-label=\"2 de 5\"><figure class=\"swiper-slide-inner\"><img decoding=\"async\" class=\"swiper-slide-image\" src=\"https:\/\/www.prooptica.pt\/wp-content\/uploads\/2025\/11\/Imagem-3-768x768.jpg\" alt=\"Imagem 3\" \/><\/figure><\/div><div class=\"swiper-slide\" role=\"group\" aria-roledescription=\"slide\" aria-label=\"3 de 5\"><figure class=\"swiper-slide-inner\"><img decoding=\"async\" class=\"swiper-slide-image\" src=\"https:\/\/www.prooptica.pt\/wp-content\/uploads\/2025\/11\/Imagem-4-768x753.jpg\" alt=\"Post Prooptica - 101\" \/><\/figure><\/div><div class=\"swiper-slide\" role=\"group\" aria-roledescription=\"slide\" aria-label=\"4 de 5\"><figure class=\"swiper-slide-inner\"><img decoding=\"async\" class=\"swiper-slide-image\" src=\"https:\/\/www.prooptica.pt\/wp-content\/uploads\/2025\/11\/Imagem-5-768x768.jpg\" alt=\"Imagem 5\" \/><\/figure><\/div><div class=\"swiper-slide\" role=\"group\" aria-roledescription=\"slide\" aria-label=\"5 de 5\"><figure class=\"swiper-slide-inner\"><img decoding=\"async\" class=\"swiper-slide-image\" src=\"https:\/\/www.prooptica.pt\/wp-content\/uploads\/2025\/11\/Imagem-6-768x768.jpg\" alt=\"Imagem 6\" \/><\/figure><\/div>\t\t\t<\/div>\n\t\t\t\t\t\t\t\t\t\t\t\t<div class=\"elementor-swiper-button elementor-swiper-button-prev\" role=\"button\" tabindex=\"0\">\n\t\t\t\t\t\t<i aria-hidden=\"true\" class=\"eicon-chevron-left\"><\/i>\t\t\t\t\t<\/div>\n\t\t\t\t\t<div class=\"elementor-swiper-button elementor-swiper-button-next\" role=\"button\" tabindex=\"0\">\n\t\t\t\t\t\t<i aria-hidden=\"true\" class=\"eicon-chevron-right\"><\/i>\t\t\t\t\t<\/div>\n\t\t\t\t\n\t\t\t\t\t\t\t\t\t<\/div>\n\t\t\t\t\t\t<\/div>\n\t\t\t\t<\/div>\n\t\t\t\t\t<\/div>\n\t\t<\/div>\n\t\t\t\t\t<\/div>\n\t\t<\/section>\n\t\t\t\t<section class=\"elementor-section elementor-top-section elementor-element elementor-element-d795857 elementor-section-boxed elementor-section-height-default elementor-section-height-default\" data-id=\"d795857\" data-element_type=\"section\" data-e-type=\"section\">\n\t\t\t\t\t\t<div class=\"elementor-container elementor-column-gap-default\">\n\t\t\t\t\t<div class=\"elementor-column elementor-col-100 elementor-top-column elementor-element elementor-element-1cb3554 ot-flex-column-vertical\" data-id=\"1cb3554\" data-element_type=\"column\" data-e-type=\"column\">\n\t\t\t<div class=\"elementor-widget-wrap elementor-element-populated\">\n\t\t\t\t\t\t<div class=\"elementor-element elementor-element-7f31d16 elementor-arrows-position-outside elementor-widget elementor-widget-image-carousel\" data-id=\"7f31d16\" data-element_type=\"widget\" data-e-type=\"widget\" data-settings=\"{&quot;slides_to_show&quot;:&quot;3&quot;,&quot;navigation&quot;:&quot;arrows&quot;,&quot;image_spacing_custom&quot;:{&quot;unit&quot;:&quot;px&quot;,&quot;size&quot;:40,&quot;sizes&quot;:[]},&quot;autoplay&quot;:&quot;yes&quot;,&quot;pause_on_hover&quot;:&quot;yes&quot;,&quot;pause_on_interaction&quot;:&quot;yes&quot;,&quot;autoplay_speed&quot;:5000,&quot;infinite&quot;:&quot;yes&quot;,&quot;speed&quot;:500,&quot;image_spacing_custom_tablet&quot;:{&quot;unit&quot;:&quot;px&quot;,&quot;size&quot;:&quot;&quot;,&quot;sizes&quot;:[]},&quot;image_spacing_custom_mobile&quot;:{&quot;unit&quot;:&quot;px&quot;,&quot;size&quot;:&quot;&quot;,&quot;sizes&quot;:[]}}\" data-widget_type=\"image-carousel.default\">\n\t\t\t\t<div class=\"elementor-widget-container\">\n\t\t\t\t\t\t\t<div class=\"elementor-image-carousel-wrapper swiper\" role=\"region\" aria-roledescription=\"carousel\" aria-label=\"Carrossel de imagens\" dir=\"ltr\">\n\t\t\t<div class=\"elementor-image-carousel swiper-wrapper\" aria-live=\"off\">\n\t\t\t\t\t\t\t\t<div class=\"swiper-slide\" role=\"group\" aria-roledescription=\"slide\" aria-label=\"1 de 6\"><a data-elementor-open-lightbox=\"yes\" data-elementor-lightbox-slideshow=\"7f31d16\" data-elementor-lightbox-title=\"DYM00001042BLUE48\" data-e-action-hash=\"#elementor-action%3Aaction%3Dlightbox%26settings%3DeyJpZCI6MjEzMDIsInVybCI6Imh0dHBzOlwvXC93d3cucHJvb3B0aWNhLnB0XC93cC1jb250ZW50XC91cGxvYWRzXC8yMDI0XC8xMFwvRFlNMDAwMDEwNDJCTFVFNDguanBnIiwic2xpZGVzaG93IjoiN2YzMWQxNiJ9\" href=\"https:\/\/loja.prooptica.pt\/loja\/?swoof=1&#038;pwb-brand=amalia&#038;orderby=date\" target=\"_blank\"><figure class=\"swiper-slide-inner\"><img decoding=\"async\" class=\"swiper-slide-image\" src=\"https:\/\/www.prooptica.pt\/wp-content\/uploads\/2024\/10\/DYM00001042BLUE48-300x300.jpg\" alt=\"DYM00001042BLUE48\" \/><\/figure><\/a><\/div><div class=\"swiper-slide\" role=\"group\" aria-roledescription=\"slide\" aria-label=\"2 de 6\"><a data-elementor-open-lightbox=\"yes\" data-elementor-lightbox-slideshow=\"7f31d16\" data-elementor-lightbox-title=\"DYS00000129DEMI47\" data-e-action-hash=\"#elementor-action%3Aaction%3Dlightbox%26settings%3DeyJpZCI6MjEzMDUsInVybCI6Imh0dHBzOlwvXC93d3cucHJvb3B0aWNhLnB0XC93cC1jb250ZW50XC91cGxvYWRzXC8yMDI0XC8xMFwvRFlTMDAwMDAxMjlERU1JNDcuanBnIiwic2xpZGVzaG93IjoiN2YzMWQxNiJ9\" href=\"https:\/\/loja.prooptica.pt\/loja\/?swoof=1&#038;pwb-brand=amalia&#038;orderby=date\" target=\"_blank\"><figure class=\"swiper-slide-inner\"><img decoding=\"async\" class=\"swiper-slide-image\" src=\"https:\/\/www.prooptica.pt\/wp-content\/uploads\/2024\/10\/DYS00000129DEMI47-300x300.jpg\" alt=\"DYS00000129DEMI47\" \/><\/figure><\/a><\/div><div class=\"swiper-slide\" role=\"group\" aria-roledescription=\"slide\" aria-label=\"3 de 6\"><a data-elementor-open-lightbox=\"yes\" data-elementor-lightbox-slideshow=\"7f31d16\" data-elementor-lightbox-title=\"DYM00001047DEMI52\" data-e-action-hash=\"#elementor-action%3Aaction%3Dlightbox%26settings%3DeyJpZCI6MjEzMDQsInVybCI6Imh0dHBzOlwvXC93d3cucHJvb3B0aWNhLnB0XC93cC1jb250ZW50XC91cGxvYWRzXC8yMDI0XC8xMFwvRFlNMDAwMDEwNDdERU1JNTIuanBnIiwic2xpZGVzaG93IjoiN2YzMWQxNiJ9\" href=\"https:\/\/loja.prooptica.pt\/loja\/?swoof=1&#038;pwb-brand=amalia&#038;orderby=date\" target=\"_blank\"><figure class=\"swiper-slide-inner\"><img decoding=\"async\" class=\"swiper-slide-image\" src=\"https:\/\/www.prooptica.pt\/wp-content\/uploads\/2024\/10\/DYM00001047DEMI52-300x300.jpg\" alt=\"DYM00001047DEMI52\" \/><\/figure><\/a><\/div><div class=\"swiper-slide\" role=\"group\" aria-roledescription=\"slide\" aria-label=\"4 de 6\"><a data-elementor-open-lightbox=\"yes\" data-elementor-lightbox-slideshow=\"7f31d16\" data-elementor-lightbox-title=\"DYS00000134BLUE54\" data-e-action-hash=\"#elementor-action%3Aaction%3Dlightbox%26settings%3DeyJpZCI6MjEzMDcsInVybCI6Imh0dHBzOlwvXC93d3cucHJvb3B0aWNhLnB0XC93cC1jb250ZW50XC91cGxvYWRzXC8yMDI0XC8xMFwvRFlTMDAwMDAxMzRCTFVFNTQuanBnIiwic2xpZGVzaG93IjoiN2YzMWQxNiJ9\" href=\"https:\/\/loja.prooptica.pt\/loja\/?swoof=1&#038;pwb-brand=amalia&#038;orderby=date\" target=\"_blank\"><figure class=\"swiper-slide-inner\"><img decoding=\"async\" class=\"swiper-slide-image\" src=\"https:\/\/www.prooptica.pt\/wp-content\/uploads\/2024\/10\/DYS00000134BLUE54-300x300.jpg\" alt=\"DYS00000134BLUE54\" \/><\/figure><\/a><\/div><div class=\"swiper-slide\" role=\"group\" aria-roledescription=\"slide\" aria-label=\"5 de 6\"><a data-elementor-open-lightbox=\"yes\" data-elementor-lightbox-slideshow=\"7f31d16\" data-elementor-lightbox-title=\"DYM00001043GREE53\" data-e-action-hash=\"#elementor-action%3Aaction%3Dlightbox%26settings%3DeyJpZCI6MjEzMDMsInVybCI6Imh0dHBzOlwvXC93d3cucHJvb3B0aWNhLnB0XC93cC1jb250ZW50XC91cGxvYWRzXC8yMDI0XC8xMFwvRFlNMDAwMDEwNDNHUkVFNTMuanBnIiwic2xpZGVzaG93IjoiN2YzMWQxNiJ9\" href=\"https:\/\/loja.prooptica.pt\/loja\/?swoof=1&#038;pwb-brand=amalia&#038;orderby=date\" target=\"_blank\"><figure class=\"swiper-slide-inner\"><img decoding=\"async\" class=\"swiper-slide-image\" src=\"https:\/\/www.prooptica.pt\/wp-content\/uploads\/2024\/10\/DYM00001043GREE53-300x300.jpg\" alt=\"DYM00001043GREE53\" \/><\/figure><\/a><\/div><div class=\"swiper-slide\" role=\"group\" aria-roledescription=\"slide\" aria-label=\"6 de 6\"><a data-elementor-open-lightbox=\"yes\" data-elementor-lightbox-slideshow=\"7f31d16\" data-elementor-lightbox-title=\"DYS00000131BLAC55\" data-e-action-hash=\"#elementor-action%3Aaction%3Dlightbox%26settings%3DeyJpZCI6MjEzMDYsInVybCI6Imh0dHBzOlwvXC93d3cucHJvb3B0aWNhLnB0XC93cC1jb250ZW50XC91cGxvYWRzXC8yMDI0XC8xMFwvRFlTMDAwMDAxMzFCTEFDNTUuanBnIiwic2xpZGVzaG93IjoiN2YzMWQxNiJ9\" href=\"https:\/\/loja.prooptica.pt\/loja\/?swoof=1&#038;pwb-brand=amalia&#038;orderby=date\" target=\"_blank\"><figure class=\"swiper-slide-inner\"><img decoding=\"async\" class=\"swiper-slide-image\" src=\"https:\/\/www.prooptica.pt\/wp-content\/uploads\/2024\/10\/DYS00000131BLAC55-300x300.jpg\" alt=\"DYS00000131BLAC55\" \/><\/figure><\/a><\/div>\t\t\t<\/div>\n\t\t\t\t\t\t\t\t\t\t\t\t<div class=\"elementor-swiper-button elementor-swiper-button-prev\" role=\"button\" tabindex=\"0\">\n\t\t\t\t\t\t<i aria-hidden=\"true\" class=\"eicon-chevron-left\"><\/i>\t\t\t\t\t<\/div>\n\t\t\t\t\t<div class=\"elementor-swiper-button elementor-swiper-button-next\" role=\"button\" tabindex=\"0\">\n\t\t\t\t\t\t<i aria-hidden=\"true\" class=\"eicon-chevron-right\"><\/i>\t\t\t\t\t<\/div>\n\t\t\t\t\n\t\t\t\t\t\t\t\t\t<\/div>\n\t\t\t\t\t\t<\/div>\n\t\t\t\t<\/div>\n\t\t\t\t\t<\/div>\n\t\t<\/div>\n\t\t\t\t\t<\/div>\n\t\t<\/section>\n\t\t\t\t<section class=\"elementor-section elementor-top-section elementor-element elementor-element-e611c61 elementor-hidden-tablet elementor-hidden-mobile elementor-hidden-desktop elementor-section-boxed elementor-section-height-default elementor-section-height-default\" data-id=\"e611c61\" data-element_type=\"section\" data-e-type=\"section\" data-settings=\"{&quot;background_background&quot;:&quot;classic&quot;}\">\n\t\t\t\t\t\t<div class=\"elementor-container elementor-column-gap-default\">\n\t\t\t\t\t<div class=\"elementor-column elementor-col-50 elementor-top-column elementor-element elementor-element-9773627 ot-column-items-center ot-flex-column-vertical\" data-id=\"9773627\" data-element_type=\"column\" data-e-type=\"column\">\n\t\t\t<div class=\"elementor-widget-wrap elementor-element-populated\">\n\t\t\t\t\t\t<div class=\"elementor-element elementor-element-851393e elementor-view-default elementor-invisible elementor-widget elementor-widget-icon\" data-id=\"851393e\" data-element_type=\"widget\" data-e-type=\"widget\" data-settings=\"{&quot;_animation&quot;:&quot;pulse&quot;}\" data-widget_type=\"icon.default\">\n\t\t\t\t<div class=\"elementor-widget-container\">\n\t\t\t\t\t\t\t<div class=\"elementor-icon-wrapper\">\n\t\t\t<a class=\"elementor-icon elementor-animation-shrink\" href=\"https:\/\/prooptica.pt\/oculos\/\">\n\t\t\t<svg xmlns=\"http:\/\/www.w3.org\/2000\/svg\" id=\"Layer_2\" viewBox=\"0 0 428.81 428.81\"><defs><style>.cls-1{fill:#fff;}<\/style><\/defs><g id=\"Layer_1-2\"><path class=\"cls-1\" d=\"M0,214.41C0,157.14,22.3,103.29,62.8,62.8,103.29,22.3,157.14,0,214.41,0s111.11,22.3,151.61,62.8,62.8,94.34,62.8,151.61-22.3,111.11-62.8,151.61-94.34,62.8-151.61,62.8-111.11-22.3-151.61-62.8C22.3,325.52,0,271.68,0,214.41Zm406.81,0c0-106.09-86.31-192.41-192.41-192.41S22,108.31,22,214.41s86.31,192.41,192.41,192.41,192.41-86.31,192.41-192.41Z\"><\/path><path class=\"cls-1\" d=\"M148.67,214.41c0-3.18,1.38-6.21,3.78-8.3l92.44-80.44c4.58-3.99,11.53-3.51,15.52,1.08,3.99,4.58,3.51,11.53-1.08,15.52l-82.82,72.07,82.74,70.68c4.62,3.95,5.17,10.89,1.22,15.51-3.95,4.62-10.89,5.17-15.51,1.22l-92.44-78.96c-2.43-2.08-3.84-5.11-3.86-8.31v-.05Z\"><\/path><\/g><\/svg>\t\t\t<\/a>\n\t\t<\/div>\n\t\t\t\t\t\t<\/div>\n\t\t\t\t<\/div>\n\t\t\t\t<div class=\"elementor-element elementor-element-d1fd79b elementor-widget elementor-widget-image\" data-id=\"d1fd79b\" data-element_type=\"widget\" data-e-type=\"widget\" data-widget_type=\"image.default\">\n\t\t\t\t<div class=\"elementor-widget-container\">\n\t\t\t\t\t\t\t\t\t\t\t\t\t\t\t<img decoding=\"async\" src=\"https:\/\/www.prooptica.pt\/wp-content\/uploads\/elementor\/thumbs\/Duyos-logo-q8w2ne637qasanke8b6xgx26jll0xyk3k0mu7m04pc.png\" title=\"\" alt=\"\" loading=\"lazy\" \/>\t\t\t\t\t\t\t\t\t\t\t\t\t\t\t<\/div>\n\t\t\t\t<\/div>\n\t\t\t\t<div class=\"elementor-element elementor-element-4e5937c theratio-align-left elementor-widget elementor-widget-iheading\" data-id=\"4e5937c\" data-element_type=\"widget\" data-e-type=\"widget\" data-widget_type=\"iheading.default\">\n\t\t\t\t<div class=\"elementor-widget-container\">\n\t\t\t\t\t\t\t<div class=\"ot-heading \">\n\t        \t            <span>[ A MARCA ]<\/span>\n\t        \t    <\/div>\n\t    \t\t\t\t<\/div>\n\t\t\t\t<\/div>\n\t\t\t\t<div class=\"elementor-element elementor-element-9b2c63f elementor-widget elementor-widget-text-editor\" data-id=\"9b2c63f\" data-element_type=\"widget\" data-e-type=\"widget\" data-widget_type=\"text-editor.default\">\n\t\t\t\t<div class=\"elementor-widget-container\">\n\t\t\t\t\t\t\t\t\t<p>Em 2023 a Prooptica lan\u00e7a a cole\u00e7\u00e3o Duyos, resultante da sua parceria com Juan Duyos, um estilista Madrileno com um destaque bastante relevante na moda espanhola. Duyos construiu uma carreira com um estilo pr\u00f3prio e reconhec\u00edvel baseado no uso pessoal de cores, tecidos, formas e volumes, sempre com uma perspetiva disruptiva e futurista, e n\u00f3s quisemos trazer esse seu estilo t\u00e3o \u00fanico para a linha de \u00f3culos.<\/p><p>Cada modelo foi desenhado com elevados padr\u00f5es de qualidade e com uma aten\u00e7\u00e3o incr\u00edvel aos detalhes, sempre com o envolvimento e apoio de Juan Duyos.<\/p>\t\t\t\t\t\t\t\t<\/div>\n\t\t\t\t<\/div>\n\t\t\t\t\t<\/div>\n\t\t<\/div>\n\t\t\t\t<div class=\"elementor-column elementor-col-50 elementor-top-column elementor-element elementor-element-d13b239 ot-column-items-center ot-flex-column-vertical\" data-id=\"d13b239\" data-element_type=\"column\" data-e-type=\"column\">\n\t\t\t<div class=\"elementor-widget-wrap elementor-element-populated\">\n\t\t\t\t\t\t<div class=\"elementor-element elementor-element-4190913 elementor-widget elementor-widget-video\" data-id=\"4190913\" data-element_type=\"widget\" data-e-type=\"widget\" data-settings=\"{&quot;youtube_url&quot;:&quot;https:\\\/\\\/youtu.be\\\/FNsUT9linfo&quot;,&quot;autoplay&quot;:&quot;yes&quot;,&quot;mute&quot;:&quot;yes&quot;,&quot;play_on_mobile&quot;:&quot;yes&quot;,&quot;loop&quot;:&quot;yes&quot;,&quot;video_type&quot;:&quot;youtube&quot;}\" data-widget_type=\"video.default\">\n\t\t\t\t<div class=\"elementor-widget-container\">\n\t\t\t\t\t\t\t<div class=\"elementor-wrapper elementor-open-inline\">\n\t\t\t<div class=\"elementor-video\"><\/div>\t\t<\/div>\n\t\t\t\t\t\t<\/div>\n\t\t\t\t<\/div>\n\t\t\t\t\t<\/div>\n\t\t<\/div>\n\t\t\t\t\t<\/div>\n\t\t<\/section>\n\t\t\t\t<section class=\"elementor-section elementor-top-section elementor-element elementor-element-c98750a elementor-hidden-tablet elementor-hidden-mobile elementor-hidden-desktop elementor-section-boxed elementor-section-height-default elementor-section-height-default\" data-id=\"c98750a\" data-element_type=\"section\" data-e-type=\"section\" data-settings=\"{&quot;background_background&quot;:&quot;classic&quot;}\">\n\t\t\t\t\t\t<div class=\"elementor-container elementor-column-gap-default\">\n\t\t\t\t\t<div class=\"elementor-column elementor-col-50 elementor-top-column elementor-element elementor-element-4803abf ot-flex-column-vertical\" data-id=\"4803abf\" data-element_type=\"column\" data-e-type=\"column\">\n\t\t\t<div class=\"elementor-widget-wrap elementor-element-populated\">\n\t\t\t\t\t\t<div class=\"elementor-element elementor-element-f4ee33f elementor-arrows-position-inside elementor-widget elementor-widget-image-carousel\" data-id=\"f4ee33f\" data-element_type=\"widget\" data-e-type=\"widget\" data-settings=\"{&quot;slides_to_show&quot;:&quot;1&quot;,&quot;navigation&quot;:&quot;arrows&quot;,&quot;autoplay&quot;:&quot;yes&quot;,&quot;pause_on_hover&quot;:&quot;yes&quot;,&quot;pause_on_interaction&quot;:&quot;yes&quot;,&quot;autoplay_speed&quot;:5000,&quot;infinite&quot;:&quot;yes&quot;,&quot;effect&quot;:&quot;slide&quot;,&quot;speed&quot;:500}\" data-widget_type=\"image-carousel.default\">\n\t\t\t\t<div class=\"elementor-widget-container\">\n\t\t\t\t\t\t\t<div class=\"elementor-image-carousel-wrapper swiper\" role=\"region\" aria-roledescription=\"carousel\" aria-label=\"Carrossel de imagens\" dir=\"ltr\">\n\t\t\t<div class=\"elementor-image-carousel swiper-wrapper\" aria-live=\"off\">\n\t\t\t\t\t\t\t\t<div class=\"swiper-slide\" role=\"group\" aria-roledescription=\"slide\" aria-label=\"1 de 5\"><figure class=\"swiper-slide-inner\"><img decoding=\"async\" class=\"swiper-slide-image\" src=\"https:\/\/www.prooptica.pt\/wp-content\/uploads\/2024\/10\/DY-1-1024x1024.jpg\" alt=\"DY 1\" \/><\/figure><\/div><div class=\"swiper-slide\" role=\"group\" aria-roledescription=\"slide\" aria-label=\"2 de 5\"><figure class=\"swiper-slide-inner\"><img decoding=\"async\" class=\"swiper-slide-image\" src=\"https:\/\/www.prooptica.pt\/wp-content\/uploads\/2024\/10\/DY-2-1024x1024.jpg\" alt=\"DY 2\" \/><\/figure><\/div><div class=\"swiper-slide\" role=\"group\" aria-roledescription=\"slide\" aria-label=\"3 de 5\"><figure class=\"swiper-slide-inner\"><img decoding=\"async\" class=\"swiper-slide-image\" src=\"https:\/\/www.prooptica.pt\/wp-content\/uploads\/2024\/10\/DY-3-1024x1024.jpg\" alt=\"DY 3\" \/><\/figure><\/div><div class=\"swiper-slide\" role=\"group\" aria-roledescription=\"slide\" aria-label=\"4 de 5\"><figure class=\"swiper-slide-inner\"><img decoding=\"async\" class=\"swiper-slide-image\" src=\"https:\/\/www.prooptica.pt\/wp-content\/uploads\/2024\/10\/DY-4-1024x1024.jpg\" alt=\"DY 4\" \/><\/figure><\/div><div class=\"swiper-slide\" role=\"group\" aria-roledescription=\"slide\" aria-label=\"5 de 5\"><figure class=\"swiper-slide-inner\"><img decoding=\"async\" class=\"swiper-slide-image\" src=\"https:\/\/www.prooptica.pt\/wp-content\/uploads\/2024\/10\/DY-5-1024x1024.jpg\" alt=\"DY 5\" \/><\/figure><\/div>\t\t\t<\/div>\n\t\t\t\t\t\t\t\t\t\t\t\t<div class=\"elementor-swiper-button elementor-swiper-button-prev\" role=\"button\" tabindex=\"0\">\n\t\t\t\t\t\t<i aria-hidden=\"true\" class=\"eicon-chevron-left\"><\/i>\t\t\t\t\t<\/div>\n\t\t\t\t\t<div class=\"elementor-swiper-button elementor-swiper-button-next\" role=\"button\" tabindex=\"0\">\n\t\t\t\t\t\t<i aria-hidden=\"true\" class=\"eicon-chevron-right\"><\/i>\t\t\t\t\t<\/div>\n\t\t\t\t\n\t\t\t\t\t\t\t\t\t<\/div>\n\t\t\t\t\t\t<\/div>\n\t\t\t\t<\/div>\n\t\t\t\t\t<\/div>\n\t\t<\/div>\n\t\t\t\t<div class=\"elementor-column elementor-col-50 elementor-top-column elementor-element elementor-element-cc3ba1d ot-column-items-center ot-flex-column-vertical\" data-id=\"cc3ba1d\" data-element_type=\"column\" data-e-type=\"column\">\n\t\t\t<div class=\"elementor-widget-wrap elementor-element-populated\">\n\t\t\t\t\t\t<div class=\"elementor-element elementor-element-479133c theratio-align-left elementor-widget elementor-widget-iheading\" data-id=\"479133c\" data-element_type=\"widget\" data-e-type=\"widget\" data-widget_type=\"iheading.default\">\n\t\t\t\t<div class=\"elementor-widget-container\">\n\t\t\t\t\t\t\t<div class=\"ot-heading \">\n\t        \t            <span>[ A COLE\u00c7\u00c3O ]<\/span>\n\t        \t    <\/div>\n\t    \t\t\t\t<\/div>\n\t\t\t\t<\/div>\n\t\t\t\t<div class=\"elementor-element elementor-element-2c739d4 elementor-widget elementor-widget-text-editor\" data-id=\"2c739d4\" data-element_type=\"widget\" data-e-type=\"widget\" data-widget_type=\"text-editor.default\">\n\t\t\t\t<div class=\"elementor-widget-container\">\n\t\t\t\t\t\t\t\t\t<div><div><div><div><div data-vc-action=\"collapse\"><div><div><div><div id=\"tab_acoleccao\" data-vc-content=\".vc_tta-panel-body\"><div><div><div><p>A cole\u00e7\u00e3o, inteiramente dedicada \u00e0s mulheres, diferencia-se pelos padr\u00f5es e jogos de cor intensos. Inspir\u00e1mo-nos nas \u00faltimas tend\u00eancias e ali\u00e1mos de forma \u00fanica o design \u00e0 conjuga\u00e7\u00e3o de cores, transpar\u00eancias, padr\u00f5es e n\u00e9on, criando pe\u00e7as disruptivas e irreverentes, mas sempre elegantes e sofisticadas.<\/p><p>A mulher Duyos \u00e9 uma rom\u00e2ntica criativa, tipicamente urbana, aspeto jovial e vers\u00e1til. Adora experimentar coisas diferentes e arriscar na hora de se vestir, porque pode \u2013 e sabe \u2013 misturar muito bem cores, estampados, texturas e sobreposi\u00e7\u00f5es, sem perder a harmonia.<\/p><\/div><\/div><\/div><\/div><\/div><\/div><\/div><\/div><\/div><\/div><\/div><\/div>\t\t\t\t\t\t\t\t<\/div>\n\t\t\t\t<\/div>\n\t\t\t\t\t<\/div>\n\t\t<\/div>\n\t\t\t\t\t<\/div>\n\t\t<\/section>\n\t\t\t\t<section class=\"elementor-section elementor-top-section elementor-element elementor-element-d572ffe elementor-hidden-desktop elementor-hidden-mobile elementor-section-boxed elementor-section-height-default elementor-section-height-default\" data-id=\"d572ffe\" data-element_type=\"section\" data-e-type=\"section\" data-settings=\"{&quot;background_background&quot;:&quot;classic&quot;}\">\n\t\t\t\t\t\t<div class=\"elementor-container elementor-column-gap-default\">\n\t\t\t\t\t<div class=\"elementor-column elementor-col-100 elementor-top-column elementor-element elementor-element-eed42fa ot-column-items-center ot-flex-column-vertical\" data-id=\"eed42fa\" data-element_type=\"column\" data-e-type=\"column\">\n\t\t\t<div class=\"elementor-widget-wrap elementor-element-populated\">\n\t\t\t\t\t\t<div class=\"elementor-element elementor-element-0b61d06 elementor-view-default elementor-invisible elementor-widget elementor-widget-icon\" data-id=\"0b61d06\" data-element_type=\"widget\" data-e-type=\"widget\" data-settings=\"{&quot;_animation&quot;:&quot;pulse&quot;}\" data-widget_type=\"icon.default\">\n\t\t\t\t<div class=\"elementor-widget-container\">\n\t\t\t\t\t\t\t<div class=\"elementor-icon-wrapper\">\n\t\t\t<a class=\"elementor-icon elementor-animation-shrink\" href=\"https:\/\/prooptica.pt\/oculos\/\">\n\t\t\t<svg xmlns=\"http:\/\/www.w3.org\/2000\/svg\" id=\"Layer_2\" viewBox=\"0 0 428.81 428.81\"><defs><style>.cls-1{fill:#fff;}<\/style><\/defs><g id=\"Layer_1-2\"><path class=\"cls-1\" d=\"M0,214.41C0,157.14,22.3,103.29,62.8,62.8,103.29,22.3,157.14,0,214.41,0s111.11,22.3,151.61,62.8,62.8,94.34,62.8,151.61-22.3,111.11-62.8,151.61-94.34,62.8-151.61,62.8-111.11-22.3-151.61-62.8C22.3,325.52,0,271.68,0,214.41Zm406.81,0c0-106.09-86.31-192.41-192.41-192.41S22,108.31,22,214.41s86.31,192.41,192.41,192.41,192.41-86.31,192.41-192.41Z\"><\/path><path class=\"cls-1\" d=\"M148.67,214.41c0-3.18,1.38-6.21,3.78-8.3l92.44-80.44c4.58-3.99,11.53-3.51,15.52,1.08,3.99,4.58,3.51,11.53-1.08,15.52l-82.82,72.07,82.74,70.68c4.62,3.95,5.17,10.89,1.22,15.51-3.95,4.62-10.89,5.17-15.51,1.22l-92.44-78.96c-2.43-2.08-3.84-5.11-3.86-8.31v-.05Z\"><\/path><\/g><\/svg>\t\t\t<\/a>\n\t\t<\/div>\n\t\t\t\t\t\t<\/div>\n\t\t\t\t<\/div>\n\t\t\t\t<div class=\"elementor-element elementor-element-c299804 elementor-widget elementor-widget-image\" data-id=\"c299804\" data-element_type=\"widget\" data-e-type=\"widget\" data-widget_type=\"image.default\">\n\t\t\t\t<div class=\"elementor-widget-container\">\n\t\t\t\t\t\t\t\t\t\t\t\t\t\t\t<img decoding=\"async\" src=\"https:\/\/www.prooptica.pt\/wp-content\/uploads\/elementor\/thumbs\/Duyos-logo-q8w2ne637qasanke8b6xgx26jll0xyk3k0mu7m04pc.png\" title=\"\" alt=\"\" loading=\"lazy\" \/>\t\t\t\t\t\t\t\t\t\t\t\t\t\t\t<\/div>\n\t\t\t\t<\/div>\n\t\t\t\t<div class=\"elementor-element elementor-element-9b1baca theratio-align-left elementor-widget elementor-widget-iheading\" data-id=\"9b1baca\" data-element_type=\"widget\" data-e-type=\"widget\" data-widget_type=\"iheading.default\">\n\t\t\t\t<div class=\"elementor-widget-container\">\n\t\t\t\t\t\t\t<div class=\"ot-heading \">\n\t        \t            <span>[ A MARCA ]<\/span>\n\t        \t    <\/div>\n\t    \t\t\t\t<\/div>\n\t\t\t\t<\/div>\n\t\t\t\t<div class=\"elementor-element elementor-element-9074e39 elementor-widget elementor-widget-text-editor\" data-id=\"9074e39\" data-element_type=\"widget\" data-e-type=\"widget\" data-widget_type=\"text-editor.default\">\n\t\t\t\t<div class=\"elementor-widget-container\">\n\t\t\t\t\t\t\t\t\t<p>Em 2023 a Prooptica lan\u00e7a a cole\u00e7\u00e3o Duyos, resultante da sua parceria com Juan Duyos, um estilista Madrileno com um destaque bastante relevante na moda espanhola. Duyos construiu uma carreira com um estilo pr\u00f3prio e reconhec\u00edvel baseado no uso pessoal de cores, tecidos, formas e volumes, sempre com uma perspetiva disruptiva e futurista, e n\u00f3s quisemos trazer esse seu estilo t\u00e3o \u00fanico para a linha de \u00f3culos.<\/p><p>Cada modelo foi desenhado com elevados padr\u00f5es de qualidade e com uma aten\u00e7\u00e3o incr\u00edvel aos detalhes, sempre com o envolvimento e apoio de Juan Duyos.<\/p>\t\t\t\t\t\t\t\t<\/div>\n\t\t\t\t<\/div>\n\t\t\t\t<div class=\"elementor-element elementor-element-a7191cc elementor-widget elementor-widget-video\" data-id=\"a7191cc\" data-element_type=\"widget\" data-e-type=\"widget\" data-settings=\"{&quot;youtube_url&quot;:&quot;https:\\\/\\\/youtu.be\\\/FNsUT9linfo&quot;,&quot;autoplay&quot;:&quot;yes&quot;,&quot;mute&quot;:&quot;yes&quot;,&quot;play_on_mobile&quot;:&quot;yes&quot;,&quot;loop&quot;:&quot;yes&quot;,&quot;video_type&quot;:&quot;youtube&quot;}\" data-widget_type=\"video.default\">\n\t\t\t\t<div class=\"elementor-widget-container\">\n\t\t\t\t\t\t\t<div class=\"elementor-wrapper elementor-open-inline\">\n\t\t\t<div class=\"elementor-video\"><\/div>\t\t<\/div>\n\t\t\t\t\t\t<\/div>\n\t\t\t\t<\/div>\n\t\t\t\t\t<\/div>\n\t\t<\/div>\n\t\t\t\t\t<\/div>\n\t\t<\/section>\n\t\t\t\t<section class=\"elementor-section elementor-top-section elementor-element elementor-element-e04f063 elementor-hidden-desktop elementor-hidden-mobile elementor-section-boxed elementor-section-height-default elementor-section-height-default\" data-id=\"e04f063\" data-element_type=\"section\" data-e-type=\"section\" data-settings=\"{&quot;background_background&quot;:&quot;classic&quot;}\">\n\t\t\t\t\t\t<div class=\"elementor-container elementor-column-gap-default\">\n\t\t\t\t\t<div class=\"elementor-column elementor-col-100 elementor-top-column elementor-element elementor-element-dd57a3f ot-column-items-center ot-flex-column-vertical\" data-id=\"dd57a3f\" data-element_type=\"column\" data-e-type=\"column\">\n\t\t\t<div class=\"elementor-widget-wrap elementor-element-populated\">\n\t\t\t\t\t\t<div class=\"elementor-element elementor-element-52f958d theratio-align-left elementor-widget elementor-widget-iheading\" data-id=\"52f958d\" data-element_type=\"widget\" data-e-type=\"widget\" data-widget_type=\"iheading.default\">\n\t\t\t\t<div class=\"elementor-widget-container\">\n\t\t\t\t\t\t\t<div class=\"ot-heading \">\n\t        \t            <span>[ A COLE\u00c7\u00c3O ]<\/span>\n\t        \t    <\/div>\n\t    \t\t\t\t<\/div>\n\t\t\t\t<\/div>\n\t\t\t\t<div class=\"elementor-element elementor-element-e090a6d elementor-widget elementor-widget-text-editor\" data-id=\"e090a6d\" data-element_type=\"widget\" data-e-type=\"widget\" data-widget_type=\"text-editor.default\">\n\t\t\t\t<div class=\"elementor-widget-container\">\n\t\t\t\t\t\t\t\t\t<div><div><div><div><div data-vc-action=\"collapse\"><div><div><div><div id=\"tab_acoleccao\" data-vc-content=\".vc_tta-panel-body\"><div><div><div><p>A cole\u00e7\u00e3o, inteiramente dedicada \u00e0s mulheres, diferencia-se pelos padr\u00f5es e jogos de cor intensos. Inspir\u00e1mo-nos nas \u00faltimas tend\u00eancias e ali\u00e1mos de forma \u00fanica o design \u00e0 conjuga\u00e7\u00e3o de cores, transpar\u00eancias, padr\u00f5es e n\u00e9on, criando pe\u00e7as disruptivas e irreverentes, mas sempre elegantes e sofisticadas.<\/p><p>A mulher Duyos \u00e9 uma rom\u00e2ntica criativa, tipicamente urbana, aspeto jovial e vers\u00e1til. Adora experimentar coisas diferentes e arriscar na hora de se vestir, porque pode \u2013 e sabe \u2013 misturar muito bem cores, estampados, texturas e sobreposi\u00e7\u00f5es, sem perder a harmonia.<\/p><\/div><\/div><\/div><\/div><\/div><\/div><\/div><\/div><\/div><\/div><\/div><\/div>\t\t\t\t\t\t\t\t<\/div>\n\t\t\t\t<\/div>\n\t\t\t\t<div class=\"elementor-element elementor-element-38afc91 elementor-widget elementor-widget-image-carousel\" data-id=\"38afc91\" data-element_type=\"widget\" data-e-type=\"widget\" data-settings=\"{&quot;slides_to_show&quot;:&quot;1&quot;,&quot;navigation&quot;:&quot;none&quot;,&quot;autoplay&quot;:&quot;yes&quot;,&quot;pause_on_hover&quot;:&quot;yes&quot;,&quot;pause_on_interaction&quot;:&quot;yes&quot;,&quot;autoplay_speed&quot;:5000,&quot;infinite&quot;:&quot;yes&quot;,&quot;effect&quot;:&quot;slide&quot;,&quot;speed&quot;:500}\" data-widget_type=\"image-carousel.default\">\n\t\t\t\t<div class=\"elementor-widget-container\">\n\t\t\t\t\t\t\t<div class=\"elementor-image-carousel-wrapper swiper\" role=\"region\" aria-roledescription=\"carousel\" aria-label=\"Carrossel de imagens\" dir=\"ltr\">\n\t\t\t<div class=\"elementor-image-carousel swiper-wrapper\" aria-live=\"off\">\n\t\t\t\t\t\t\t\t<div class=\"swiper-slide\" role=\"group\" aria-roledescription=\"slide\" aria-label=\"1 de 5\"><figure class=\"swiper-slide-inner\"><img decoding=\"async\" class=\"swiper-slide-image\" src=\"https:\/\/www.prooptica.pt\/wp-content\/uploads\/elementor\/thumbs\/DY-1-qwdm3zdq04fzlhhxw10jh5a0ok0m7czbjqlh9rbte0.jpg\" alt=\"DY 1\" \/><\/figure><\/div><div class=\"swiper-slide\" role=\"group\" aria-roledescription=\"slide\" aria-label=\"2 de 5\"><figure class=\"swiper-slide-inner\"><img decoding=\"async\" class=\"swiper-slide-image\" src=\"https:\/\/www.prooptica.pt\/wp-content\/uploads\/elementor\/thumbs\/DY-2-qwdm40bk6yh9x3gkqjf61n1h9xvzf231vv8yr1af7s.jpg\" alt=\"DY 2\" \/><\/figure><\/div><div class=\"swiper-slide\" role=\"group\" aria-roledescription=\"slide\" aria-label=\"3 de 5\"><figure class=\"swiper-slide-inner\"><img decoding=\"async\" class=\"swiper-slide-image\" src=\"https:\/\/www.prooptica.pt\/wp-content\/uploads\/elementor\/thumbs\/DY-3-qwdm419edsik8pf7l1tsm4sxvbrcmr6s7zwg8b911k.jpg\" alt=\"DY 3\" \/><\/figure><\/div><div class=\"swiper-slide\" role=\"group\" aria-roledescription=\"slide\" aria-label=\"4 de 5\"><figure class=\"swiper-slide-inner\"><img decoding=\"async\" class=\"swiper-slide-image\" src=\"https:\/\/www.prooptica.pt\/wp-content\/uploads\/elementor\/thumbs\/DY-4-qwdm4352rgl4vxcha2n1r4bv23i325e8w97f6v68p4.jpg\" alt=\"DY 4\" \/><\/figure><\/div><div class=\"swiper-slide\" role=\"group\" aria-roledescription=\"slide\" aria-label=\"5 de 5\"><figure class=\"swiper-slide-inner\"><img decoding=\"async\" class=\"swiper-slide-image\" src=\"https:\/\/www.prooptica.pt\/wp-content\/uploads\/elementor\/thumbs\/DY-5-qwdm450r54npj59qz3gaw3us8v8thjlpkiie5f3gco.jpg\" alt=\"DY 5\" \/><\/figure><\/div>\t\t\t<\/div>\n\t\t\t\t\t\t\t\n\t\t\t\t\t\t\t\t\t<\/div>\n\t\t\t\t\t\t<\/div>\n\t\t\t\t<\/div>\n\t\t\t\t\t<\/div>\n\t\t<\/div>\n\t\t\t\t\t<\/div>\n\t\t<\/section>\n\t\t\t\t<section class=\"elementor-section elementor-top-section elementor-element elementor-element-5675a52 elementor-hidden-tablet elementor-hidden-desktop elementor-hidden-mobile elementor-section-boxed elementor-section-height-default elementor-section-height-default\" data-id=\"5675a52\" data-element_type=\"section\" data-e-type=\"section\" data-settings=\"{&quot;background_background&quot;:&quot;classic&quot;}\">\n\t\t\t\t\t\t<div class=\"elementor-container elementor-column-gap-default\">\n\t\t\t\t\t<div class=\"elementor-column elementor-col-100 elementor-top-column elementor-element elementor-element-927c307 ot-column-items-center ot-flex-column-vertical\" data-id=\"927c307\" data-element_type=\"column\" data-e-type=\"column\">\n\t\t\t<div class=\"elementor-widget-wrap elementor-element-populated\">\n\t\t\t\t\t\t<div class=\"elementor-element elementor-element-d616222 elementor-view-default elementor-invisible elementor-widget elementor-widget-icon\" data-id=\"d616222\" data-element_type=\"widget\" data-e-type=\"widget\" data-settings=\"{&quot;_animation&quot;:&quot;pulse&quot;}\" data-widget_type=\"icon.default\">\n\t\t\t\t<div class=\"elementor-widget-container\">\n\t\t\t\t\t\t\t<div class=\"elementor-icon-wrapper\">\n\t\t\t<a class=\"elementor-icon elementor-animation-shrink\" href=\"https:\/\/prooptica.pt\/oculos\/\">\n\t\t\t<svg xmlns=\"http:\/\/www.w3.org\/2000\/svg\" id=\"Layer_2\" viewBox=\"0 0 428.81 428.81\"><defs><style>.cls-1{fill:#fff;}<\/style><\/defs><g id=\"Layer_1-2\"><path class=\"cls-1\" d=\"M0,214.41C0,157.14,22.3,103.29,62.8,62.8,103.29,22.3,157.14,0,214.41,0s111.11,22.3,151.61,62.8,62.8,94.34,62.8,151.61-22.3,111.11-62.8,151.61-94.34,62.8-151.61,62.8-111.11-22.3-151.61-62.8C22.3,325.52,0,271.68,0,214.41Zm406.81,0c0-106.09-86.31-192.41-192.41-192.41S22,108.31,22,214.41s86.31,192.41,192.41,192.41,192.41-86.31,192.41-192.41Z\"><\/path><path class=\"cls-1\" d=\"M148.67,214.41c0-3.18,1.38-6.21,3.78-8.3l92.44-80.44c4.58-3.99,11.53-3.51,15.52,1.08,3.99,4.58,3.51,11.53-1.08,15.52l-82.82,72.07,82.74,70.68c4.62,3.95,5.17,10.89,1.22,15.51-3.95,4.62-10.89,5.17-15.51,1.22l-92.44-78.96c-2.43-2.08-3.84-5.11-3.86-8.31v-.05Z\"><\/path><\/g><\/svg>\t\t\t<\/a>\n\t\t<\/div>\n\t\t\t\t\t\t<\/div>\n\t\t\t\t<\/div>\n\t\t\t\t<div class=\"elementor-element elementor-element-6be0cc5 elementor-widget elementor-widget-image\" data-id=\"6be0cc5\" data-element_type=\"widget\" data-e-type=\"widget\" data-widget_type=\"image.default\">\n\t\t\t\t<div class=\"elementor-widget-container\">\n\t\t\t\t\t\t\t\t\t\t\t\t\t\t\t<img decoding=\"async\" src=\"https:\/\/www.prooptica.pt\/wp-content\/uploads\/elementor\/thumbs\/Duyos-logo-q8w2ne637qasanke8b6xgx26jll0xyk3k0mu7m04pc.png\" title=\"\" alt=\"\" loading=\"lazy\" \/>\t\t\t\t\t\t\t\t\t\t\t\t\t\t\t<\/div>\n\t\t\t\t<\/div>\n\t\t\t\t<div class=\"elementor-element elementor-element-cfa6e6e theratio-align-left elementor-widget elementor-widget-iheading\" data-id=\"cfa6e6e\" data-element_type=\"widget\" data-e-type=\"widget\" data-widget_type=\"iheading.default\">\n\t\t\t\t<div class=\"elementor-widget-container\">\n\t\t\t\t\t\t\t<div class=\"ot-heading \">\n\t        \t            <span>[ A MARCA ]<\/span>\n\t        \t    <\/div>\n\t    \t\t\t\t<\/div>\n\t\t\t\t<\/div>\n\t\t\t\t<div class=\"elementor-element elementor-element-cfe1a4d elementor-widget elementor-widget-text-editor\" data-id=\"cfe1a4d\" data-element_type=\"widget\" data-e-type=\"widget\" data-widget_type=\"text-editor.default\">\n\t\t\t\t<div class=\"elementor-widget-container\">\n\t\t\t\t\t\t\t\t\t<p>Em 2023 a Prooptica lan\u00e7a a cole\u00e7\u00e3o Duyos, resultante da sua parceria com Juan Duyos, um estilista Madrileno com um destaque bastante relevante na moda espanhola. Duyos construiu uma carreira com um estilo pr\u00f3prio e reconhec\u00edvel baseado no uso pessoal de cores, tecidos, formas e volumes, sempre com uma perspetiva disruptiva e futurista, e n\u00f3s quisemos trazer esse seu estilo t\u00e3o \u00fanico para a linha de \u00f3culos.<\/p><p>Cada modelo foi desenhado com elevados padr\u00f5es de qualidade e com uma aten\u00e7\u00e3o incr\u00edvel aos detalhes, sempre com o envolvimento e apoio de Juan Duyos.<\/p>\t\t\t\t\t\t\t\t<\/div>\n\t\t\t\t<\/div>\n\t\t\t\t<div class=\"elementor-element elementor-element-6e5b5d9 elementor-widget elementor-widget-video\" data-id=\"6e5b5d9\" data-element_type=\"widget\" data-e-type=\"widget\" data-settings=\"{&quot;youtube_url&quot;:&quot;https:\\\/\\\/youtu.be\\\/FNsUT9linfo&quot;,&quot;autoplay&quot;:&quot;yes&quot;,&quot;mute&quot;:&quot;yes&quot;,&quot;play_on_mobile&quot;:&quot;yes&quot;,&quot;loop&quot;:&quot;yes&quot;,&quot;video_type&quot;:&quot;youtube&quot;}\" data-widget_type=\"video.default\">\n\t\t\t\t<div class=\"elementor-widget-container\">\n\t\t\t\t\t\t\t<div class=\"elementor-wrapper elementor-open-inline\">\n\t\t\t<div class=\"elementor-video\"><\/div>\t\t<\/div>\n\t\t\t\t\t\t<\/div>\n\t\t\t\t<\/div>\n\t\t\t\t\t<\/div>\n\t\t<\/div>\n\t\t\t\t\t<\/div>\n\t\t<\/section>\n\t\t\t\t<section class=\"elementor-section elementor-top-section elementor-element elementor-element-a6dc56a elementor-hidden-desktop elementor-hidden-tablet elementor-hidden-mobile elementor-section-boxed elementor-section-height-default elementor-section-height-default\" data-id=\"a6dc56a\" data-element_type=\"section\" data-e-type=\"section\" data-settings=\"{&quot;background_background&quot;:&quot;classic&quot;}\">\n\t\t\t\t\t\t<div class=\"elementor-container elementor-column-gap-default\">\n\t\t\t\t\t<div class=\"elementor-column elementor-col-100 elementor-top-column elementor-element elementor-element-d116cf5 ot-column-items-center ot-flex-column-vertical\" data-id=\"d116cf5\" data-element_type=\"column\" data-e-type=\"column\">\n\t\t\t<div class=\"elementor-widget-wrap elementor-element-populated\">\n\t\t\t\t\t\t<div class=\"elementor-element elementor-element-c82d8f7 theratio-align-left elementor-widget elementor-widget-iheading\" data-id=\"c82d8f7\" data-element_type=\"widget\" data-e-type=\"widget\" data-widget_type=\"iheading.default\">\n\t\t\t\t<div class=\"elementor-widget-container\">\n\t\t\t\t\t\t\t<div class=\"ot-heading \">\n\t        \t            <span>[ A COLE\u00c7\u00c3O ]<\/span>\n\t        \t    <\/div>\n\t    \t\t\t\t<\/div>\n\t\t\t\t<\/div>\n\t\t\t\t<div class=\"elementor-element elementor-element-9f90190 elementor-widget elementor-widget-text-editor\" data-id=\"9f90190\" data-element_type=\"widget\" data-e-type=\"widget\" data-widget_type=\"text-editor.default\">\n\t\t\t\t<div class=\"elementor-widget-container\">\n\t\t\t\t\t\t\t\t\t<div><div><div><div><div data-vc-action=\"collapse\"><div><div><div><div id=\"tab_acoleccao\" data-vc-content=\".vc_tta-panel-body\"><div><div><div><p>A cole\u00e7\u00e3o, inteiramente dedicada \u00e0s mulheres, diferencia-se pelos padr\u00f5es e jogos de cor intensos. Inspir\u00e1mo-nos nas \u00faltimas tend\u00eancias e ali\u00e1mos de forma \u00fanica o design \u00e0 conjuga\u00e7\u00e3o de cores, transpar\u00eancias, padr\u00f5es e n\u00e9on, criando pe\u00e7as disruptivas e irreverentes, mas sempre elegantes e sofisticadas.<\/p><p>A mulher Duyos \u00e9 uma rom\u00e2ntica criativa, tipicamente urbana, aspeto jovial e vers\u00e1til. Adora experimentar coisas diferentes e arriscar na hora de se vestir, porque pode \u2013 e sabe \u2013 misturar muito bem cores, estampados, texturas e sobreposi\u00e7\u00f5es, sem perder a harmonia.<\/p><\/div><\/div><\/div><\/div><\/div><\/div><\/div><\/div><\/div><\/div><\/div><\/div>\t\t\t\t\t\t\t\t<\/div>\n\t\t\t\t<\/div>\n\t\t\t\t<div class=\"elementor-element elementor-element-1915649 elementor-widget elementor-widget-image-carousel\" data-id=\"1915649\" data-element_type=\"widget\" data-e-type=\"widget\" data-settings=\"{&quot;slides_to_show&quot;:&quot;1&quot;,&quot;navigation&quot;:&quot;none&quot;,&quot;autoplay&quot;:&quot;yes&quot;,&quot;pause_on_hover&quot;:&quot;yes&quot;,&quot;pause_on_interaction&quot;:&quot;yes&quot;,&quot;autoplay_speed&quot;:5000,&quot;infinite&quot;:&quot;yes&quot;,&quot;effect&quot;:&quot;slide&quot;,&quot;speed&quot;:500}\" data-widget_type=\"image-carousel.default\">\n\t\t\t\t<div class=\"elementor-widget-container\">\n\t\t\t\t\t\t\t<div class=\"elementor-image-carousel-wrapper swiper\" role=\"region\" aria-roledescription=\"carousel\" aria-label=\"Carrossel de imagens\" dir=\"ltr\">\n\t\t\t<div class=\"elementor-image-carousel swiper-wrapper\" aria-live=\"off\">\n\t\t\t\t\t\t\t\t<div class=\"swiper-slide\" role=\"group\" aria-roledescription=\"slide\" aria-label=\"1 de 5\"><figure class=\"swiper-slide-inner\"><img decoding=\"async\" class=\"swiper-slide-image\" src=\"https:\/\/www.prooptica.pt\/wp-content\/uploads\/2024\/10\/DY-1-300x300.jpg\" alt=\"DY 1\" \/><\/figure><\/div><div class=\"swiper-slide\" role=\"group\" aria-roledescription=\"slide\" aria-label=\"2 de 5\"><figure class=\"swiper-slide-inner\"><img decoding=\"async\" class=\"swiper-slide-image\" src=\"https:\/\/www.prooptica.pt\/wp-content\/uploads\/2024\/10\/DY-2-300x300.jpg\" alt=\"DY 2\" \/><\/figure><\/div><div class=\"swiper-slide\" role=\"group\" aria-roledescription=\"slide\" aria-label=\"3 de 5\"><figure class=\"swiper-slide-inner\"><img decoding=\"async\" class=\"swiper-slide-image\" src=\"https:\/\/www.prooptica.pt\/wp-content\/uploads\/2024\/10\/DY-3-300x300.jpg\" alt=\"DY 3\" \/><\/figure><\/div><div class=\"swiper-slide\" role=\"group\" aria-roledescription=\"slide\" aria-label=\"4 de 5\"><figure class=\"swiper-slide-inner\"><img decoding=\"async\" class=\"swiper-slide-image\" src=\"https:\/\/www.prooptica.pt\/wp-content\/uploads\/2024\/10\/DY-4-300x300.jpg\" alt=\"DY 4\" \/><\/figure><\/div><div class=\"swiper-slide\" role=\"group\" aria-roledescription=\"slide\" aria-label=\"5 de 5\"><figure class=\"swiper-slide-inner\"><img decoding=\"async\" class=\"swiper-slide-image\" src=\"https:\/\/www.prooptica.pt\/wp-content\/uploads\/2024\/10\/DY-5-300x300.jpg\" alt=\"DY 5\" \/><\/figure><\/div>\t\t\t<\/div>\n\t\t\t\t\t\t\t\n\t\t\t\t\t\t\t\t\t<\/div>\n\t\t\t\t\t\t<\/div>\n\t\t\t\t<\/div>\n\t\t\t\t\t<\/div>\n\t\t<\/div>\n\t\t\t\t\t<\/div>\n\t\t<\/section>\n\t\t\t\t<section class=\"elementor-section elementor-top-section elementor-element elementor-element-8377508 elementor-hidden-tablet elementor-hidden-mobile elementor-hidden-desktop elementor-section-boxed elementor-section-height-default elementor-section-height-default\" data-id=\"8377508\" data-element_type=\"section\" data-e-type=\"section\">\n\t\t\t\t\t\t<div class=\"elementor-container elementor-column-gap-default\">\n\t\t\t\t\t<div class=\"elementor-column elementor-col-100 elementor-top-column elementor-element elementor-element-c96e8f4 ot-flex-column-vertical\" data-id=\"c96e8f4\" data-element_type=\"column\" data-e-type=\"column\">\n\t\t\t<div class=\"elementor-widget-wrap elementor-element-populated\">\n\t\t\t\t\t\t<div class=\"elementor-element elementor-element-4173e88 theratio-align-left elementor-widget elementor-widget-iheading\" data-id=\"4173e88\" data-element_type=\"widget\" data-e-type=\"widget\" data-widget_type=\"iheading.default\">\n\t\t\t\t<div class=\"elementor-widget-container\">\n\t\t\t\t\t\t\t<div class=\"ot-heading \">\n\t        \t            <span>[ NOVIDADES ]<\/span>\n\t        \t    <\/div>\n\t    \t\t\t\t<\/div>\n\t\t\t\t<\/div>\n\t\t\t\t\t<\/div>\n\t\t<\/div>\n\t\t\t\t\t<\/div>\n\t\t<\/section>\n\t\t\t\t<section class=\"elementor-section elementor-top-section elementor-element elementor-element-9e20f9e elementor-hidden-mobile elementor-hidden-desktop elementor-section-boxed elementor-section-height-default elementor-section-height-default\" data-id=\"9e20f9e\" data-element_type=\"section\" data-e-type=\"section\" data-settings=\"{&quot;background_background&quot;:&quot;classic&quot;}\">\n\t\t\t\t\t\t<div class=\"elementor-container elementor-column-gap-default\">\n\t\t\t\t\t<div class=\"elementor-column elementor-col-100 elementor-top-column elementor-element elementor-element-a97dca8 ot-column-items-center ot-flex-column-vertical\" data-id=\"a97dca8\" data-element_type=\"column\" data-e-type=\"column\">\n\t\t\t<div class=\"elementor-widget-wrap elementor-element-populated\">\n\t\t\t\t\t\t<div class=\"elementor-element elementor-element-a731b0f theratio-align-left elementor-widget elementor-widget-iheading\" data-id=\"a731b0f\" data-element_type=\"widget\" data-e-type=\"widget\" data-widget_type=\"iheading.default\">\n\t\t\t\t<div class=\"elementor-widget-container\">\n\t\t\t\t\t\t\t<div class=\"ot-heading \">\n\t        \t            <span>[ NOVIDADES ]<\/span>\n\t        \t    <\/div>\n\t    \t\t\t\t<\/div>\n\t\t\t\t<\/div>\n\t\t\t\t\t<\/div>\n\t\t<\/div>\n\t\t\t\t\t<\/div>\n\t\t<\/section>\n\t\t\t\t<section class=\"elementor-section elementor-top-section elementor-element elementor-element-a6c1bb8 elementor-hidden-desktop elementor-hidden-tablet elementor-hidden-mobile elementor-section-boxed elementor-section-height-default elementor-section-height-default\" data-id=\"a6c1bb8\" data-element_type=\"section\" data-e-type=\"section\" data-settings=\"{&quot;background_background&quot;:&quot;classic&quot;}\">\n\t\t\t\t\t\t<div class=\"elementor-container elementor-column-gap-default\">\n\t\t\t\t\t<div class=\"elementor-column elementor-col-100 elementor-top-column elementor-element elementor-element-b5e721a ot-column-items-center ot-flex-column-vertical\" data-id=\"b5e721a\" data-element_type=\"column\" data-e-type=\"column\">\n\t\t\t<div class=\"elementor-widget-wrap elementor-element-populated\">\n\t\t\t\t\t\t<div class=\"elementor-element elementor-element-6b3b00f theratio-align-left elementor-widget elementor-widget-iheading\" data-id=\"6b3b00f\" data-element_type=\"widget\" data-e-type=\"widget\" data-widget_type=\"iheading.default\">\n\t\t\t\t<div class=\"elementor-widget-container\">\n\t\t\t\t\t\t\t<div class=\"ot-heading \">\n\t        \t            <span>[ NOVIDADES ]<\/span>\n\t        \t    <\/div>\n\t    \t\t\t\t<\/div>\n\t\t\t\t<\/div>\n\t\t\t\t\t<\/div>\n\t\t<\/div>\n\t\t\t\t\t<\/div>\n\t\t<\/section>\n\t\t\t\t<section class=\"elementor-section elementor-top-section elementor-element elementor-element-cf984ec elementor-hidden-desktop elementor-hidden-tablet elementor-hidden-mobile elementor-section-boxed elementor-section-height-default elementor-section-height-default\" data-id=\"cf984ec\" data-element_type=\"section\" data-e-type=\"section\">\n\t\t\t\t\t\t<div class=\"elementor-container elementor-column-gap-default\">\n\t\t\t\t\t<div class=\"elementor-column elementor-col-100 elementor-top-column elementor-element elementor-element-b0fe183 ot-flex-column-vertical\" data-id=\"b0fe183\" data-element_type=\"column\" data-e-type=\"column\">\n\t\t\t<div class=\"elementor-widget-wrap elementor-element-populated\">\n\t\t\t\t\t\t<div class=\"elementor-element elementor-element-552418f elementor-widget elementor-widget-image-carousel\" data-id=\"552418f\" data-element_type=\"widget\" data-e-type=\"widget\" data-settings=\"{&quot;slides_to_show&quot;:&quot;3&quot;,&quot;navigation&quot;:&quot;none&quot;,&quot;image_spacing_custom&quot;:{&quot;unit&quot;:&quot;px&quot;,&quot;size&quot;:40,&quot;sizes&quot;:[]},&quot;autoplay&quot;:&quot;yes&quot;,&quot;pause_on_hover&quot;:&quot;yes&quot;,&quot;pause_on_interaction&quot;:&quot;yes&quot;,&quot;autoplay_speed&quot;:5000,&quot;infinite&quot;:&quot;yes&quot;,&quot;speed&quot;:500,&quot;image_spacing_custom_tablet&quot;:{&quot;unit&quot;:&quot;px&quot;,&quot;size&quot;:&quot;&quot;,&quot;sizes&quot;:[]},&quot;image_spacing_custom_mobile&quot;:{&quot;unit&quot;:&quot;px&quot;,&quot;size&quot;:&quot;&quot;,&quot;sizes&quot;:[]}}\" data-widget_type=\"image-carousel.default\">\n\t\t\t\t<div class=\"elementor-widget-container\">\n\t\t\t\t\t\t\t<div class=\"elementor-image-carousel-wrapper swiper\" role=\"region\" aria-roledescription=\"carousel\" aria-label=\"Carrossel de imagens\" dir=\"ltr\">\n\t\t\t<div class=\"elementor-image-carousel swiper-wrapper\" aria-live=\"off\">\n\t\t\t\t\t\t\t\t<div class=\"swiper-slide\" role=\"group\" aria-roledescription=\"slide\" aria-label=\"1 de 6\"><a data-elementor-open-lightbox=\"yes\" data-elementor-lightbox-slideshow=\"552418f\" data-elementor-lightbox-title=\"DYM00001042BLUE48\" data-e-action-hash=\"#elementor-action%3Aaction%3Dlightbox%26settings%3DeyJpZCI6MjEzMDIsInVybCI6Imh0dHBzOlwvXC93d3cucHJvb3B0aWNhLnB0XC93cC1jb250ZW50XC91cGxvYWRzXC8yMDI0XC8xMFwvRFlNMDAwMDEwNDJCTFVFNDguanBnIiwic2xpZGVzaG93IjoiNTUyNDE4ZiJ9\" href=\"https:\/\/loja.prooptica.pt\/loja\/?swoof=1&#038;pwb-brand=amalia&#038;orderby=date\" target=\"_blank\"><figure class=\"swiper-slide-inner\"><img decoding=\"async\" class=\"swiper-slide-image\" src=\"https:\/\/www.prooptica.pt\/wp-content\/uploads\/2024\/10\/DYM00001042BLUE48-300x300.jpg\" alt=\"DYM00001042BLUE48\" \/><\/figure><\/a><\/div><div class=\"swiper-slide\" role=\"group\" aria-roledescription=\"slide\" aria-label=\"2 de 6\"><a data-elementor-open-lightbox=\"yes\" data-elementor-lightbox-slideshow=\"552418f\" data-elementor-lightbox-title=\"DYS00000129DEMI47\" data-e-action-hash=\"#elementor-action%3Aaction%3Dlightbox%26settings%3DeyJpZCI6MjEzMDUsInVybCI6Imh0dHBzOlwvXC93d3cucHJvb3B0aWNhLnB0XC93cC1jb250ZW50XC91cGxvYWRzXC8yMDI0XC8xMFwvRFlTMDAwMDAxMjlERU1JNDcuanBnIiwic2xpZGVzaG93IjoiNTUyNDE4ZiJ9\" href=\"https:\/\/loja.prooptica.pt\/loja\/?swoof=1&#038;pwb-brand=amalia&#038;orderby=date\" target=\"_blank\"><figure class=\"swiper-slide-inner\"><img decoding=\"async\" class=\"swiper-slide-image\" src=\"https:\/\/www.prooptica.pt\/wp-content\/uploads\/2024\/10\/DYS00000129DEMI47-300x300.jpg\" alt=\"DYS00000129DEMI47\" \/><\/figure><\/a><\/div><div class=\"swiper-slide\" role=\"group\" aria-roledescription=\"slide\" aria-label=\"3 de 6\"><a data-elementor-open-lightbox=\"yes\" data-elementor-lightbox-slideshow=\"552418f\" data-elementor-lightbox-title=\"DYM00001047DEMI52\" data-e-action-hash=\"#elementor-action%3Aaction%3Dlightbox%26settings%3DeyJpZCI6MjEzMDQsInVybCI6Imh0dHBzOlwvXC93d3cucHJvb3B0aWNhLnB0XC93cC1jb250ZW50XC91cGxvYWRzXC8yMDI0XC8xMFwvRFlNMDAwMDEwNDdERU1JNTIuanBnIiwic2xpZGVzaG93IjoiNTUyNDE4ZiJ9\" href=\"https:\/\/loja.prooptica.pt\/loja\/?swoof=1&#038;pwb-brand=amalia&#038;orderby=date\" target=\"_blank\"><figure class=\"swiper-slide-inner\"><img decoding=\"async\" class=\"swiper-slide-image\" src=\"https:\/\/www.prooptica.pt\/wp-content\/uploads\/2024\/10\/DYM00001047DEMI52-300x300.jpg\" alt=\"DYM00001047DEMI52\" \/><\/figure><\/a><\/div><div class=\"swiper-slide\" role=\"group\" aria-roledescription=\"slide\" aria-label=\"4 de 6\"><a data-elementor-open-lightbox=\"yes\" data-elementor-lightbox-slideshow=\"552418f\" data-elementor-lightbox-title=\"DYS00000134BLUE54\" data-e-action-hash=\"#elementor-action%3Aaction%3Dlightbox%26settings%3DeyJpZCI6MjEzMDcsInVybCI6Imh0dHBzOlwvXC93d3cucHJvb3B0aWNhLnB0XC93cC1jb250ZW50XC91cGxvYWRzXC8yMDI0XC8xMFwvRFlTMDAwMDAxMzRCTFVFNTQuanBnIiwic2xpZGVzaG93IjoiNTUyNDE4ZiJ9\" href=\"https:\/\/loja.prooptica.pt\/loja\/?swoof=1&#038;pwb-brand=amalia&#038;orderby=date\" target=\"_blank\"><figure class=\"swiper-slide-inner\"><img decoding=\"async\" class=\"swiper-slide-image\" src=\"https:\/\/www.prooptica.pt\/wp-content\/uploads\/2024\/10\/DYS00000134BLUE54-300x300.jpg\" alt=\"DYS00000134BLUE54\" \/><\/figure><\/a><\/div><div class=\"swiper-slide\" role=\"group\" aria-roledescription=\"slide\" aria-label=\"5 de 6\"><a data-elementor-open-lightbox=\"yes\" data-elementor-lightbox-slideshow=\"552418f\" data-elementor-lightbox-title=\"DYM00001043GREE53\" data-e-action-hash=\"#elementor-action%3Aaction%3Dlightbox%26settings%3DeyJpZCI6MjEzMDMsInVybCI6Imh0dHBzOlwvXC93d3cucHJvb3B0aWNhLnB0XC93cC1jb250ZW50XC91cGxvYWRzXC8yMDI0XC8xMFwvRFlNMDAwMDEwNDNHUkVFNTMuanBnIiwic2xpZGVzaG93IjoiNTUyNDE4ZiJ9\" href=\"https:\/\/loja.prooptica.pt\/loja\/?swoof=1&#038;pwb-brand=amalia&#038;orderby=date\" target=\"_blank\"><figure class=\"swiper-slide-inner\"><img decoding=\"async\" class=\"swiper-slide-image\" src=\"https:\/\/www.prooptica.pt\/wp-content\/uploads\/2024\/10\/DYM00001043GREE53-300x300.jpg\" alt=\"DYM00001043GREE53\" \/><\/figure><\/a><\/div><div class=\"swiper-slide\" role=\"group\" aria-roledescription=\"slide\" aria-label=\"6 de 6\"><a data-elementor-open-lightbox=\"yes\" data-elementor-lightbox-slideshow=\"552418f\" data-elementor-lightbox-title=\"DYS00000131BLAC55\" data-e-action-hash=\"#elementor-action%3Aaction%3Dlightbox%26settings%3DeyJpZCI6MjEzMDYsInVybCI6Imh0dHBzOlwvXC93d3cucHJvb3B0aWNhLnB0XC93cC1jb250ZW50XC91cGxvYWRzXC8yMDI0XC8xMFwvRFlTMDAwMDAxMzFCTEFDNTUuanBnIiwic2xpZGVzaG93IjoiNTUyNDE4ZiJ9\" href=\"https:\/\/loja.prooptica.pt\/loja\/?swoof=1&#038;pwb-brand=amalia&#038;orderby=date\" target=\"_blank\"><figure class=\"swiper-slide-inner\"><img decoding=\"async\" class=\"swiper-slide-image\" src=\"https:\/\/www.prooptica.pt\/wp-content\/uploads\/2024\/10\/DYS00000131BLAC55-300x300.jpg\" alt=\"DYS00000131BLAC55\" \/><\/figure><\/a><\/div>\t\t\t<\/div>\n\t\t\t\t\t\t\t\n\t\t\t\t\t\t\t\t\t<\/div>\n\t\t\t\t\t\t<\/div>\n\t\t\t\t<\/div>\n\t\t\t\t\t<\/div>\n\t\t<\/div>\n\t\t\t\t\t<\/div>\n\t\t<\/section>\n\t\t\t\t<section class=\"elementor-section elementor-top-section elementor-element elementor-element-f86e42e elementor-section-boxed elementor-section-height-default elementor-section-height-default\" data-id=\"f86e42e\" data-element_type=\"section\" data-e-type=\"section\">\n\t\t\t\t\t\t<div class=\"elementor-container elementor-column-gap-default\">\n\t\t\t\t\t<div class=\"elementor-column elementor-col-100 elementor-top-column elementor-element elementor-element-a897ac6 ot-flex-column-vertical\" data-id=\"a897ac6\" data-element_type=\"column\" data-e-type=\"column\">\n\t\t\t<div class=\"elementor-widget-wrap elementor-element-populated\">\n\t\t\t\t\t\t<div class=\"elementor-element elementor-element-f67d580 elementor-hidden-desktop elementor-hidden-tablet elementor-hidden-mobile elementor-widget elementor-widget-button\" data-id=\"f67d580\" data-element_type=\"widget\" data-e-type=\"widget\" data-widget_type=\"button.default\">\n\t\t\t\t<div class=\"elementor-widget-container\">\n\t\t\t\t\t\t\t\t\t<div class=\"elementor-button-wrapper\">\n\t\t\t\t\t<a class=\"elementor-button elementor-button-link elementor-size-sm\" href=\"https:\/\/loja.prooptica.pt\/wp-content\/uploads\/Duyos-Catalogue-2024_LR.pdf\">\n\t\t\t\t\t\t<span class=\"elementor-button-content-wrapper\">\n\t\t\t\t\t\t\t\t\t<span class=\"elementor-button-text\">CAT\u00c1LOGO<\/span>\n\t\t\t\t\t<\/span>\n\t\t\t\t\t<\/a>\n\t\t\t\t<\/div>\n\t\t\t\t\t\t\t\t<\/div>\n\t\t\t\t<\/div>\n\t\t\t\t\t<\/div>\n\t\t<\/div>\n\t\t\t\t\t<\/div>\n\t\t<\/section>\n\t\t\t\t<\/div>\n\t\t","protected":false},"excerpt":{"rendered":"<p>A MARCA DUYOS Em 2023 a Prooptica lan\u00e7a a cole\u00e7\u00e3o Duyos, resultante da sua parceria com Juan Duyos, um estilista Madrileno com um destaque bastante relevante na moda espanhola. Duyos construiu uma carreira com um estilo pr\u00f3prio e reconhec\u00edvel baseado no uso pessoal de cores, tecidos, formas e volumes, sempre com uma perspetiva disruptiva e [&hellip;]<\/p>\n","protected":false},"author":3,"featured_media":0,"parent":0,"menu_order":0,"comment_status":"closed","ping_status":"closed","template":"","meta":{"footnotes":""},"class_list":["post-16381","page","type-page","status-publish","hentry"],"yoast_head":"<!-- This site is optimized with the Yoast SEO plugin v27.5 - https:\/\/yoast.com\/product\/yoast-seo-wordpress\/ -->\n<title>DUYOS - Prooptica<\/title>\n<meta name=\"robots\" content=\"index, follow, max-snippet:-1, max-image-preview:large, max-video-preview:-1\" \/>\n<link rel=\"canonical\" href=\"https:\/\/www.prooptica.pt\/en\/duos\/\" \/>\n<meta property=\"og:locale\" content=\"en_GB\" \/>\n<meta property=\"og:type\" content=\"article\" \/>\n<meta property=\"og:title\" content=\"DUYOS - Prooptica\" \/>\n<meta property=\"og:description\" content=\"A MARCA DUYOS Em 2023 a Prooptica lan\u00e7a a cole\u00e7\u00e3o Duyos, resultante da sua parceria com Juan Duyos, um estilista Madrileno com um destaque bastante relevante na moda espanhola. Duyos construiu uma carreira com um estilo pr\u00f3prio e reconhec\u00edvel baseado no uso pessoal de cores, tecidos, formas e volumes, sempre com uma perspetiva disruptiva e [&hellip;]\" \/>\n<meta property=\"og:url\" content=\"https:\/\/www.prooptica.pt\/en\/duos\/\" \/>\n<meta property=\"og:site_name\" content=\"Prooptica\" \/>\n<meta property=\"article:modified_time\" content=\"2025-11-06T17:08:00+00:00\" \/>\n<meta property=\"og:image\" content=\"https:\/\/www.prooptica.pt\/wp-content\/uploads\/2023\/03\/Duyos-logo.png\" \/>\n\t<meta property=\"og:image:width\" content=\"301\" \/>\n\t<meta property=\"og:image:height\" content=\"301\" \/>\n\t<meta property=\"og:image:type\" content=\"image\/png\" \/>\n<meta name=\"twitter:card\" content=\"summary_large_image\" \/>\n<meta name=\"twitter:label1\" content=\"Estimated reading time\" \/>\n\t<meta name=\"twitter:data1\" content=\"16 minutes\" \/>\n<script type=\"application\/ld+json\" class=\"yoast-schema-graph\">{\"@context\":\"https:\\\/\\\/schema.org\",\"@graph\":[{\"@type\":\"WebPage\",\"@id\":\"https:\\\/\\\/www.prooptica.pt\\\/duyos\\\/\",\"url\":\"https:\\\/\\\/www.prooptica.pt\\\/duyos\\\/\",\"name\":\"DUYOS - Prooptica\",\"isPartOf\":{\"@id\":\"https:\\\/\\\/www.prooptica.pt\\\/home\\\/#website\"},\"primaryImageOfPage\":{\"@id\":\"https:\\\/\\\/www.prooptica.pt\\\/duyos\\\/#primaryimage\"},\"image\":{\"@id\":\"https:\\\/\\\/www.prooptica.pt\\\/duyos\\\/#primaryimage\"},\"thumbnailUrl\":\"https:\\\/\\\/www.prooptica.pt\\\/wp-content\\\/uploads\\\/2023\\\/03\\\/Duyos-logo.png\",\"datePublished\":\"2023-03-31T10:00:14+00:00\",\"dateModified\":\"2025-11-06T17:08:00+00:00\",\"breadcrumb\":{\"@id\":\"https:\\\/\\\/www.prooptica.pt\\\/duyos\\\/#breadcrumb\"},\"inLanguage\":\"en-GB\",\"potentialAction\":[{\"@type\":\"ReadAction\",\"target\":[\"https:\\\/\\\/www.prooptica.pt\\\/duyos\\\/\"]}]},{\"@type\":\"ImageObject\",\"inLanguage\":\"en-GB\",\"@id\":\"https:\\\/\\\/www.prooptica.pt\\\/duyos\\\/#primaryimage\",\"url\":\"https:\\\/\\\/www.prooptica.pt\\\/wp-content\\\/uploads\\\/2023\\\/03\\\/Duyos-logo.png\",\"contentUrl\":\"https:\\\/\\\/www.prooptica.pt\\\/wp-content\\\/uploads\\\/2023\\\/03\\\/Duyos-logo.png\"},{\"@type\":\"BreadcrumbList\",\"@id\":\"https:\\\/\\\/www.prooptica.pt\\\/duyos\\\/#breadcrumb\",\"itemListElement\":[{\"@type\":\"ListItem\",\"position\":1,\"name\":\"In\u00edcio\",\"item\":\"https:\\\/\\\/www.prooptica.pt\\\/\"},{\"@type\":\"ListItem\",\"position\":2,\"name\":\"DUYOS\"}]},{\"@type\":\"WebSite\",\"@id\":\"https:\\\/\\\/www.prooptica.pt\\\/home\\\/#website\",\"url\":\"https:\\\/\\\/www.prooptica.pt\\\/home\\\/\",\"name\":\"Prooptica\",\"description\":\"Full Eyewear Concept\",\"potentialAction\":[{\"@type\":\"SearchAction\",\"target\":{\"@type\":\"EntryPoint\",\"urlTemplate\":\"https:\\\/\\\/www.prooptica.pt\\\/home\\\/?s={search_term_string}\"},\"query-input\":{\"@type\":\"PropertyValueSpecification\",\"valueRequired\":true,\"valueName\":\"search_term_string\"}}],\"inLanguage\":\"en-GB\"}]}<\/script>\n<!-- \/ Yoast SEO plugin. -->","yoast_head_json":{"title":"DUYOS - Prooptica","robots":{"index":"index","follow":"follow","max-snippet":"max-snippet:-1","max-image-preview":"max-image-preview:large","max-video-preview":"max-video-preview:-1"},"canonical":"https:\/\/www.prooptica.pt\/en\/duos\/","og_locale":"en_GB","og_type":"article","og_title":"DUYOS - Prooptica","og_description":"A MARCA DUYOS Em 2023 a Prooptica lan\u00e7a a cole\u00e7\u00e3o Duyos, resultante da sua parceria com Juan Duyos, um estilista Madrileno com um destaque bastante relevante na moda espanhola. Duyos construiu uma carreira com um estilo pr\u00f3prio e reconhec\u00edvel baseado no uso pessoal de cores, tecidos, formas e volumes, sempre com uma perspetiva disruptiva e [&hellip;]","og_url":"https:\/\/www.prooptica.pt\/en\/duos\/","og_site_name":"Prooptica","article_modified_time":"2025-11-06T17:08:00+00:00","og_image":[{"width":301,"height":301,"url":"https:\/\/www.prooptica.pt\/wp-content\/uploads\/2023\/03\/Duyos-logo.png","type":"image\/png"}],"twitter_card":"summary_large_image","twitter_misc":{"Estimated reading time":"16 minutes"},"schema":{"@context":"https:\/\/schema.org","@graph":[{"@type":"WebPage","@id":"https:\/\/www.prooptica.pt\/duyos\/","url":"https:\/\/www.prooptica.pt\/duyos\/","name":"DUYOS - Prooptica","isPartOf":{"@id":"https:\/\/www.prooptica.pt\/home\/#website"},"primaryImageOfPage":{"@id":"https:\/\/www.prooptica.pt\/duyos\/#primaryimage"},"image":{"@id":"https:\/\/www.prooptica.pt\/duyos\/#primaryimage"},"thumbnailUrl":"https:\/\/www.prooptica.pt\/wp-content\/uploads\/2023\/03\/Duyos-logo.png","datePublished":"2023-03-31T10:00:14+00:00","dateModified":"2025-11-06T17:08:00+00:00","breadcrumb":{"@id":"https:\/\/www.prooptica.pt\/duyos\/#breadcrumb"},"inLanguage":"en-GB","potentialAction":[{"@type":"ReadAction","target":["https:\/\/www.prooptica.pt\/duyos\/"]}]},{"@type":"ImageObject","inLanguage":"en-GB","@id":"https:\/\/www.prooptica.pt\/duyos\/#primaryimage","url":"https:\/\/www.prooptica.pt\/wp-content\/uploads\/2023\/03\/Duyos-logo.png","contentUrl":"https:\/\/www.prooptica.pt\/wp-content\/uploads\/2023\/03\/Duyos-logo.png"},{"@type":"BreadcrumbList","@id":"https:\/\/www.prooptica.pt\/duyos\/#breadcrumb","itemListElement":[{"@type":"ListItem","position":1,"name":"In\u00edcio","item":"https:\/\/www.prooptica.pt\/"},{"@type":"ListItem","position":2,"name":"DUYOS"}]},{"@type":"WebSite","@id":"https:\/\/www.prooptica.pt\/home\/#website","url":"https:\/\/www.prooptica.pt\/home\/","name":"Prooptica","description":"Full Eyewear Concept","potentialAction":[{"@type":"SearchAction","target":{"@type":"EntryPoint","urlTemplate":"https:\/\/www.prooptica.pt\/home\/?s={search_term_string}"},"query-input":{"@type":"PropertyValueSpecification","valueRequired":true,"valueName":"search_term_string"}}],"inLanguage":"en-GB"}]}},"_links":{"self":[{"href":"https:\/\/www.prooptica.pt\/en\/wp-json\/wp\/v2\/pages\/16381","targetHints":{"allow":["GET"]}}],"collection":[{"href":"https:\/\/www.prooptica.pt\/en\/wp-json\/wp\/v2\/pages"}],"about":[{"href":"https:\/\/www.prooptica.pt\/en\/wp-json\/wp\/v2\/types\/page"}],"author":[{"embeddable":true,"href":"https:\/\/www.prooptica.pt\/en\/wp-json\/wp\/v2\/users\/3"}],"replies":[{"embeddable":true,"href":"https:\/\/www.prooptica.pt\/en\/wp-json\/wp\/v2\/comments?post=16381"}],"version-history":[{"count":40,"href":"https:\/\/www.prooptica.pt\/en\/wp-json\/wp\/v2\/pages\/16381\/revisions"}],"predecessor-version":[{"id":24252,"href":"https:\/\/www.prooptica.pt\/en\/wp-json\/wp\/v2\/pages\/16381\/revisions\/24252"}],"wp:attachment":[{"href":"https:\/\/www.prooptica.pt\/en\/wp-json\/wp\/v2\/media?parent=16381"}],"curies":[{"name":"wp","href":"https:\/\/api.w.org\/{rel}","templated":true}]}}