{"id":3,"date":"2021-06-29T11:12:21","date_gmt":"2021-06-29T11:12:21","guid":{"rendered":"https:\/\/prooptica.pt\/?page_id=3"},"modified":"2022-07-28T17:20:33","modified_gmt":"2022-07-28T17:20:33","slug":"politica-de-privacidad","status":"publish","type":"page","link":"https:\/\/www.prooptica.pt\/es\/politica-de-privacidade\/","title":{"rendered":"Pol\u00edtica de privacidad"},"content":{"rendered":"<div data-elementor-type=\"wp-page\" data-elementor-id=\"3\" class=\"elementor elementor-3\">\n\t\t\t\t\t\t<section class=\"elementor-section elementor-top-section elementor-element elementor-element-a5117c6 elementor-section-full_width elementor-section-height-default elementor-section-height-default\" data-id=\"a5117c6\" data-element_type=\"section\" data-e-type=\"section\" data-settings=\"{&quot;background_background&quot;:&quot;classic&quot;}\">\n\t\t\t\t\t\t<div class=\"elementor-container elementor-column-gap-no\">\n\t\t\t\t\t<div class=\"elementor-column elementor-col-100 elementor-top-column elementor-element elementor-element-e5bf0dd ot-flex-column-vertical\" data-id=\"e5bf0dd\" data-element_type=\"column\" data-e-type=\"column\">\n\t\t\t<div class=\"elementor-widget-wrap elementor-element-populated\">\n\t\t\t\t\t\t<div class=\"elementor-element elementor-element-a6990fc theratio-align-center elementor-widget elementor-widget-iheading\" data-id=\"a6990fc\" data-element_type=\"widget\" data-e-type=\"widget\" data-widget_type=\"iheading.default\">\n\t\t\t\t<div class=\"elementor-widget-container\">\n\t\t\t\t\t\t\t<div class=\"ot-heading\">\n\t        \t        <h2 class=\"main-heading\">Pol\u00edtica de privacidad<\/h2>\n\t        \t    <\/div>\n\t    \t\t\t\t<\/div>\n\t\t\t\t<\/div>\n\t\t\t\t\t<\/div>\n\t\t<\/div>\n\t\t\t\t\t<\/div>\n\t\t<\/section>\n\t\t\t\t<section class=\"elementor-section elementor-top-section elementor-element elementor-element-efb2d1d elementor-section-boxed elementor-section-height-default elementor-section-height-default\" data-id=\"efb2d1d\" data-element_type=\"section\" data-e-type=\"section\" data-settings=\"{&quot;background_background&quot;:&quot;classic&quot;}\">\n\t\t\t\t\t\t<div class=\"elementor-container elementor-column-gap-default\">\n\t\t\t\t\t<div class=\"elementor-column elementor-col-100 elementor-top-column elementor-element elementor-element-f223017 ot-flex-column-vertical\" data-id=\"f223017\" data-element_type=\"column\" data-e-type=\"column\">\n\t\t\t<div class=\"elementor-widget-wrap elementor-element-populated\">\n\t\t\t\t\t\t<div class=\"elementor-element elementor-element-29a58c8 elementor-widget elementor-widget-text-editor\" data-id=\"29a58c8\" data-element_type=\"widget\" data-e-type=\"widget\" data-widget_type=\"text-editor.default\">\n\t\t\t\t<div class=\"elementor-widget-container\">\n\t\t\t\t\t\t\t\t\t<h5><span style=\"color: #333333;\">Esta declaraci\u00f3n de seguridad sobre la privacidad de los datos se aplica \u00fanicamente a los servicios de Prooptica.<\/span><\/h5><p><span style=\"color: #333333;\">Internet es una fabulosa herramienta de comunicaci\u00f3n. Cada d\u00eda nos damos cuenta de su creciente importancia en nuestras vidas, porque basta un clic de rat\u00f3n en nuestro ordenador y el mundo est\u00e1 a nuestros pies. Las personas se acercan, las experiencias se difunden m\u00e1s r\u00e1pidamente. La evoluci\u00f3n de la sociedad actual es galopante.<\/span><\/p><p><span style=\"color: #333333;\">Por todo ello, y para que todo el mundo conf\u00ede cada vez m\u00e1s en este medio de comunicaci\u00f3n, es importante para Prooptica que todos los usuarios de sus servicios y visitantes de sus p\u00e1ginas tengan garantizada la confidencialidad de sus datos.<\/span><\/p><p><span style=\"color: #333333;\">Cuando le pedimos su nombre, direcci\u00f3n, n\u00famero de tel\u00e9fono, titulaci\u00f3n acad\u00e9mica, etc., nuestro objetivo es mantener una relaci\u00f3n m\u00e1s estrecha con nuestros usuarios. Con su registro, le llamaremos por su nombre de pila, estaremos m\u00e1s cerca de usted y podremos responder a sus necesidades o peticiones con mayor eficacia.<\/span><\/p><p><span style=\"color: #333333;\">Si, por cualquier motivo, Prooptica considera necesario actualizar su pol\u00edtica de privacidad, usted ser\u00e1 el primero en saberlo.<\/span><\/p><p><span style=\"color: #333333;\">Prooptica garantiza que esta informaci\u00f3n NO ser\u00e1 revelada a ninguna otra organizaci\u00f3n o empresa. Prooptica.es se compromete a proteger su privacidad y se esforzar\u00e1 por garantizar que utilizamos una tecnolog\u00eda lo suficientemente eficaz como para que su experiencia en l\u00ednea sea m\u00e1s segura y sus relaciones con nosotros m\u00e1s s\u00f3lidas cada d\u00eda.<\/span><\/p><h5><span style=\"color: #333333;\">Cookies<\/span><\/h5><p><span style=\"color: #333333;\">Si deja un comentario en nuestro sitio, puede elegir guardar su nombre, direcci\u00f3n de correo electr\u00f3nico y sitio web en cookies. Esto es para su comodidad, para que no tenga que rellenar sus datos de nuevo cuando deje otro comentario. Estas cookies durar\u00e1n un a\u00f1o.<\/span><\/p><p><span style=\"color: #333333;\">Si tiene una cuenta e inicia sesi\u00f3n en este sitio, se instalar\u00e1 una cookie temporal para determinar si su navegador acepta cookies. Esta cookie no contiene datos personales y se borrar\u00e1 cuando cierre el navegador.<\/span><\/p><p><span style=\"color: #333333;\">Cuando inicie sesi\u00f3n, se establecer\u00e1n algunas cookies para almacenar la informaci\u00f3n de su sesi\u00f3n y sus opciones de visualizaci\u00f3n de pantalla. Las cookies de inicio de sesi\u00f3n duran un a\u00f1o. Si selecciona \"Recordarme\", su sesi\u00f3n persistir\u00e1 durante quince d\u00edas. Cuando cierre la sesi\u00f3n, se eliminar\u00e1n las cookies de inicio de sesi\u00f3n.<\/span><\/p><p><span style=\"color: #333333;\">Si edita o publica un art\u00edculo, se almacenar\u00e1 una cookie adicional en su navegador. Esta cookie no incluye ning\u00fan dato personal, simplemente indica el ID de contenido del art\u00edculo que acaba de editar. Caduca al cabo de 1 d\u00eda.<\/span><\/p><h5><span style=\"color: #333333;\">Contenido incrustado de otros sitios<\/span><\/h5><p><span style=\"color: #333333;\">Los art\u00edculos de este sitio pueden incluir contenido incrustado (por ejemplo, v\u00eddeos, im\u00e1genes, art\u00edculos, etc.). El contenido incrustado de otros sitios se comporta como si el usuario estuviera visitando esos sitios.<\/span><\/p><p><span style=\"color: #333333;\">Este sitio puede recopilar datos sobre usted, utilizar cookies, incorporar el seguimiento de terceros, supervisar sus interacciones con \u00e9l, incluido el registro de interacciones con contenido incrustado si tiene una cuenta y ha iniciado sesi\u00f3n en ese sitio.<\/span><\/p><h4><span style=\"color: #333333;\">Datos anal\u00edticos<\/span><\/h4><h5><span style=\"color: #333333;\">Con qui\u00e9n se comparten sus datos \/ Cu\u00e1nto tiempo se conservan sus datos<\/span><\/h5><p><span style=\"color: #333333;\">Si deja un comentario, el comentario y sus detalles se guardan indefinidamente. As\u00ed podremos reconocer y aprobar autom\u00e1ticamente cualquier comentario posterior, en lugar de ponerlo en una cola de moderaci\u00f3n.<\/span><\/p><p><span style=\"color: #333333;\">Para los usuarios que se registran en nuestro sitio (si los hay), almacenamos la informaci\u00f3n personal proporcionada en su perfil de usuario. Todos los usuarios pueden ver, editar o borrar su informaci\u00f3n personal en cualquier momento (con la excepci\u00f3n de que no pueden cambiar su nombre de usuario). Los administradores del sitio tambi\u00e9n pueden ver y editar esta informaci\u00f3n.<\/span><\/p><h5><span style=\"color: #333333;\">Qu\u00e9 derechos tiene sobre sus datos<\/span><\/h5><p><span style=\"color: #333333;\">Si tiene una cuenta en este sitio o ha dejado comentarios, puede solicitar que se le env\u00ede un archivo de exportaci\u00f3n con los datos personales almacenados sobre usted, incluidos los datos personales que haya indicado. Tambi\u00e9n puede solicitar que se eliminen los datos almacenados. Esto no incluye los datos personales que deban conservarse con fines administrativos, legales o de seguridad.<\/span><\/p><p><span style=\"color: #333333;\">Si tiene alguna pregunta sobre este compromiso, no dude en ponerse en contacto con nosotros.\u00a0<span style=\"color: #333a43;\"><strong><span id=\"cloak53275\"><a style=\"color: #333a43;\" href=\"mailto:marketing@prooptica.pt\">Contacto<\/a><\/span>.<\/strong><\/span><\/span><\/p>\t\t\t\t\t\t\t\t<\/div>\n\t\t\t\t<\/div>\n\t\t\t\t\t<\/div>\n\t\t<\/div>\n\t\t\t\t\t<\/div>\n\t\t<\/section>\n\t\t\t\t<\/div>","protected":false},"excerpt":{"rendered":"<p>Pol\u00edtica de Privacidade Esta declara\u00e7\u00e3o de garantia de privacidade de dados aplica-se especifica e exclusivamente ao servi\u00e7o da Prooptica. A Internet \u00e9 um instrumento de comunica\u00e7\u00e3o fabuloso. De dia para dia apercebemo-nos da sua crescente import\u00e2ncia na nossa vida, pois basta um clicar no rato do nosso computador e o mundo fica aos nossos p\u00e9s. [&hellip;]<\/p>\n","protected":false},"author":3,"featured_media":0,"parent":0,"menu_order":0,"comment_status":"closed","ping_status":"open","template":"","meta":{"footnotes":""},"class_list":["post-3","page","type-page","status-publish","hentry"],"yoast_head":"<!-- This site is optimized with the Yoast SEO plugin v27.5 - https:\/\/yoast.com\/product\/yoast-seo-wordpress\/ -->\n<title>Privacy Policy - Prooptica<\/title>\n<meta name=\"robots\" content=\"index, follow, max-snippet:-1, max-image-preview:large, max-video-preview:-1\" \/>\n<link rel=\"canonical\" href=\"https:\/\/www.prooptica.pt\/es\/politica-de-privacidad\/\" \/>\n<meta property=\"og:locale\" content=\"es_ES\" \/>\n<meta property=\"og:type\" content=\"article\" \/>\n<meta property=\"og:title\" content=\"Privacy Policy - Prooptica\" \/>\n<meta property=\"og:description\" content=\"Pol\u00edtica de Privacidade Esta declara\u00e7\u00e3o de garantia de privacidade de dados aplica-se especifica e exclusivamente ao servi\u00e7o da Prooptica. A Internet \u00e9 um instrumento de comunica\u00e7\u00e3o fabuloso. De dia para dia apercebemo-nos da sua crescente import\u00e2ncia na nossa vida, pois basta um clicar no rato do nosso computador e o mundo fica aos nossos p\u00e9s. [&hellip;]\" \/>\n<meta property=\"og:url\" content=\"https:\/\/www.prooptica.pt\/es\/politica-de-privacidad\/\" \/>\n<meta property=\"og:site_name\" content=\"Prooptica\" \/>\n<meta property=\"article:modified_time\" content=\"2022-07-28T17:20:33+00:00\" \/>\n<meta name=\"twitter:card\" content=\"summary_large_image\" \/>\n<meta name=\"twitter:label1\" content=\"Tiempo de lectura\" \/>\n\t<meta name=\"twitter:data1\" content=\"4 minutos\" \/>\n<script type=\"application\/ld+json\" class=\"yoast-schema-graph\">{\"@context\":\"https:\\\/\\\/schema.org\",\"@graph\":[{\"@type\":\"WebPage\",\"@id\":\"https:\\\/\\\/www.prooptica.pt\\\/politica-de-privacidade\\\/\",\"url\":\"https:\\\/\\\/www.prooptica.pt\\\/politica-de-privacidade\\\/\",\"name\":\"Privacy Policy - Prooptica\",\"isPartOf\":{\"@id\":\"https:\\\/\\\/www.prooptica.pt\\\/home\\\/#website\"},\"datePublished\":\"2021-06-29T11:12:21+00:00\",\"dateModified\":\"2022-07-28T17:20:33+00:00\",\"breadcrumb\":{\"@id\":\"https:\\\/\\\/www.prooptica.pt\\\/politica-de-privacidade\\\/#breadcrumb\"},\"inLanguage\":\"es\",\"potentialAction\":[{\"@type\":\"ReadAction\",\"target\":[\"https:\\\/\\\/www.prooptica.pt\\\/politica-de-privacidade\\\/\"]}]},{\"@type\":\"BreadcrumbList\",\"@id\":\"https:\\\/\\\/www.prooptica.pt\\\/politica-de-privacidade\\\/#breadcrumb\",\"itemListElement\":[{\"@type\":\"ListItem\",\"position\":1,\"name\":\"In\u00edcio\",\"item\":\"https:\\\/\\\/www.prooptica.pt\\\/\"},{\"@type\":\"ListItem\",\"position\":2,\"name\":\"Privacy Policy\"}]},{\"@type\":\"WebSite\",\"@id\":\"https:\\\/\\\/www.prooptica.pt\\\/home\\\/#website\",\"url\":\"https:\\\/\\\/www.prooptica.pt\\\/home\\\/\",\"name\":\"Prooptica\",\"description\":\"Full Eyewear Concept\",\"potentialAction\":[{\"@type\":\"SearchAction\",\"target\":{\"@type\":\"EntryPoint\",\"urlTemplate\":\"https:\\\/\\\/www.prooptica.pt\\\/home\\\/?s={search_term_string}\"},\"query-input\":{\"@type\":\"PropertyValueSpecification\",\"valueRequired\":true,\"valueName\":\"search_term_string\"}}],\"inLanguage\":\"es\"}]}<\/script>\n<!-- \/ Yoast SEO plugin. -->","yoast_head_json":{"title":"Pol\u00edtica de privacidad - Prooptica","robots":{"index":"index","follow":"follow","max-snippet":"max-snippet:-1","max-image-preview":"max-image-preview:large","max-video-preview":"max-video-preview:-1"},"canonical":"https:\/\/www.prooptica.pt\/es\/politica-de-privacidad\/","og_locale":"es_ES","og_type":"article","og_title":"Privacy Policy - Prooptica","og_description":"Pol\u00edtica de Privacidade Esta declara\u00e7\u00e3o de garantia de privacidade de dados aplica-se especifica e exclusivamente ao servi\u00e7o da Prooptica. A Internet \u00e9 um instrumento de comunica\u00e7\u00e3o fabuloso. De dia para dia apercebemo-nos da sua crescente import\u00e2ncia na nossa vida, pois basta um clicar no rato do nosso computador e o mundo fica aos nossos p\u00e9s. [&hellip;]","og_url":"https:\/\/www.prooptica.pt\/es\/politica-de-privacidad\/","og_site_name":"Prooptica","article_modified_time":"2022-07-28T17:20:33+00:00","twitter_card":"summary_large_image","twitter_misc":{"Tiempo de lectura":"4 minutos"},"schema":{"@context":"https:\/\/schema.org","@graph":[{"@type":"WebPage","@id":"https:\/\/www.prooptica.pt\/politica-de-privacidade\/","url":"https:\/\/www.prooptica.pt\/politica-de-privacidade\/","name":"Pol\u00edtica de privacidad - Prooptica","isPartOf":{"@id":"https:\/\/www.prooptica.pt\/home\/#website"},"datePublished":"2021-06-29T11:12:21+00:00","dateModified":"2022-07-28T17:20:33+00:00","breadcrumb":{"@id":"https:\/\/www.prooptica.pt\/politica-de-privacidade\/#breadcrumb"},"inLanguage":"es","potentialAction":[{"@type":"ReadAction","target":["https:\/\/www.prooptica.pt\/politica-de-privacidade\/"]}]},{"@type":"BreadcrumbList","@id":"https:\/\/www.prooptica.pt\/politica-de-privacidade\/#breadcrumb","itemListElement":[{"@type":"ListItem","position":1,"name":"In\u00edcio","item":"https:\/\/www.prooptica.pt\/"},{"@type":"ListItem","position":2,"name":"Privacy Policy"}]},{"@type":"WebSite","@id":"https:\/\/www.prooptica.pt\/home\/#website","url":"https:\/\/www.prooptica.pt\/home\/","name":"Prooptica","description":"Concepto de gafas completas","potentialAction":[{"@type":"SearchAction","target":{"@type":"EntryPoint","urlTemplate":"https:\/\/www.prooptica.pt\/home\/?s={search_term_string}"},"query-input":{"@type":"PropertyValueSpecification","valueRequired":true,"valueName":"search_term_string"}}],"inLanguage":"es"}]}},"_links":{"self":[{"href":"https:\/\/www.prooptica.pt\/es\/wp-json\/wp\/v2\/pages\/3","targetHints":{"allow":["GET"]}}],"collection":[{"href":"https:\/\/www.prooptica.pt\/es\/wp-json\/wp\/v2\/pages"}],"about":[{"href":"https:\/\/www.prooptica.pt\/es\/wp-json\/wp\/v2\/types\/page"}],"author":[{"embeddable":true,"href":"https:\/\/www.prooptica.pt\/es\/wp-json\/wp\/v2\/users\/3"}],"replies":[{"embeddable":true,"href":"https:\/\/www.prooptica.pt\/es\/wp-json\/wp\/v2\/comments?post=3"}],"version-history":[{"count":0,"href":"https:\/\/www.prooptica.pt\/es\/wp-json\/wp\/v2\/pages\/3\/revisions"}],"wp:attachment":[{"href":"https:\/\/www.prooptica.pt\/es\/wp-json\/wp\/v2\/media?parent=3"}],"curies":[{"name":"wp","href":"https:\/\/api.w.org\/{rel}","templated":true}]}}